{"id":2339,"date":"2020-05-22T16:03:34","date_gmt":"2020-05-22T12:03:34","guid":{"rendered":"https:\/\/pro-mauritius.com\/home\/?page_id=2339"},"modified":"2023-03-25T11:25:05","modified_gmt":"2023-03-25T07:25:05","slug":"covid-19","status":"publish","type":"page","link":"https:\/\/pro-mauritius.com\/home\/covid-19\/","title":{"rendered":"COVID-19"},"content":{"rendered":"<p>[et_pb_section fb_built=&#8221;1&#8243; _builder_version=&#8221;4.16&#8243; custom_padding=&#8221;18px|0px|3px|0px|false|false&#8221; global_colors_info=&#8221;{}&#8221;][et_pb_row _builder_version=&#8221;4.16&#8243; module_alignment=&#8221;center&#8221; custom_margin=&#8221;|||&#8221; custom_padding=&#8221;|0px|0|0px|false|false&#8221; animation_style=&#8221;fade&#8221; global_colors_info=&#8221;{}&#8221;][et_pb_column type=&#8221;4_4&#8243; _builder_version=&#8221;4.16&#8243; custom_padding=&#8221;||30px|6%&#8221; global_colors_info=&#8221;{}&#8221; custom_padding__hover=&#8221;|||&#8221;][et_pb_text _builder_version=&#8221;4.16&#8243; text_font=&#8221;||||||||&#8221; text_font_size=&#8221;30px&#8221; header_font=&#8221;|600|||||||&#8221; header_2_font=&#8221;Times New Roman|700|||||||&#8221; header_2_font_size=&#8221;38px&#8221; header_2_letter_spacing=&#8221;1px&#8221; header_2_line_height=&#8221;1.4em&#8221; header_3_font=&#8221;Verdana|700||on|||||&#8221; header_3_text_color=&#8221;#edbb5f&#8221; header_3_font_size=&#8221;14px&#8221; header_3_letter_spacing=&#8221;1px&#8221; header_3_line_height=&#8221;2em&#8221; max_width=&#8221;1080px&#8221; custom_margin=&#8221;||10px||false|false&#8221; global_colors_info=&#8221;{}&#8221;]<\/p>\n<h1 style=\"text-align: center;\">Mauritius ist wieder offen!<\/h1>\n<p>[\/et_pb_text][et_pb_divider color=&#8221;#edbb5f&#8221; divider_weight=&#8221;2px&#8221; _builder_version=&#8221;4.16&#8243; max_width=&#8221;60px&#8221; module_alignment=&#8221;center&#8221; height=&#8221;2px&#8221; global_colors_info=&#8221;{}&#8221;][\/et_pb_divider][\/et_pb_column][\/et_pb_row][et_pb_row _builder_version=&#8221;4.16&#8243; module_alignment=&#8221;center&#8221; custom_margin=&#8221;|auto|-81px|auto||&#8221; custom_padding=&#8221;|0px|0px|0px|false|false&#8221; animation_style=&#8221;fade&#8221; global_colors_info=&#8221;{}&#8221;][et_pb_column type=&#8221;4_4&#8243; _builder_version=&#8221;4.16&#8243; custom_padding=&#8221;||30px|6%&#8221; global_colors_info=&#8221;{}&#8221; custom_padding__hover=&#8221;|||&#8221;][et_pb_text _builder_version=&#8221;4.19.5&#8243; text_font=&#8221;||||||||&#8221; text_font_size=&#8221;30px&#8221; text_line_height=&#8221;1em&#8221; header_font=&#8221;|600|||||||&#8221; header_2_font=&#8221;Times New Roman|700|||||||&#8221; header_2_font_size=&#8221;38px&#8221; header_2_letter_spacing=&#8221;1px&#8221; header_2_line_height=&#8221;1.4em&#8221; header_3_font=&#8221;Verdana|700||on|||||&#8221; header_3_text_color=&#8221;#edbb5f&#8221; header_3_font_size=&#8221;14px&#8221; header_3_letter_spacing=&#8221;1px&#8221; header_3_line_height=&#8221;2em&#8221; max_width=&#8221;1080px&#8221; min_height=&#8221;30px&#8221; custom_margin=&#8221;||10px||false|false&#8221; hover_enabled=&#8221;0&#8243; global_colors_info=&#8221;{}&#8221; sticky_enabled=&#8221;0&#8243;]<\/p>\n<h2 style=\"text-align: center;\">Situation 2023:<\/h2>\n<h3 data-fontsize=\"13\" data-lineheight=\"19.5px\"><strong><\/strong><\/h3>\n<p>[\/et_pb_text][et_pb_text _builder_version=&#8221;4.19.5&#8243; _module_preset=&#8221;default&#8221; hover_enabled=&#8221;0&#8243; sticky_enabled=&#8221;0&#8243;]<\/p>\n<p><strong>Es gibt keinerlei Einschr\u00e4nkungen mehr:<\/strong><\/p>\n<ul>\n<li>Kein Test, weder bei der Einreise noch beim Check-in am Abflugsort (Ausnahme: falls am Ort des Check-ins oder am Umstiegsort eine Testpflicht besteht)<\/li>\n<li>Keine Quarant\u00e4ne mehr.<\/li>\n<li>Kein Unterschied zwischen Geimpften und Nichtgeimpften.<\/li>\n<\/ul>\n<p>[\/et_pb_text][et_pb_text _builder_version=&#8221;4.19.5&#8243; _module_preset=&#8221;default&#8221; hover_enabled=&#8221;0&#8243; sticky_enabled=&#8221;0&#8243;]<\/p>\n<p>Eine Maskenpflicht besteht noch in Arztpraxen, Krankenh\u00e4usern, Pflegeheimen und Apotheken.<\/p>\n<p>[\/et_pb_text][\/et_pb_column][\/et_pb_row][et_pb_row _builder_version=&#8221;4.16&#8243; module_alignment=&#8221;center&#8221; custom_margin=&#8221;|auto|-95px|auto||&#8221; custom_padding=&#8221;115px|0px|0px|0px|false|false&#8221; animation_style=&#8221;fade&#8221; global_colors_info=&#8221;{}&#8221;][et_pb_column type=&#8221;4_4&#8243; _builder_version=&#8221;4.16&#8243; custom_padding=&#8221;||30px|6%&#8221; global_colors_info=&#8221;{}&#8221; custom_padding__hover=&#8221;|||&#8221;][et_pb_text _builder_version=&#8221;4.16&#8243; text_font=&#8221;||||||||&#8221; text_font_size=&#8221;30px&#8221; text_line_height=&#8221;1em&#8221; header_font=&#8221;|600|||||||&#8221; header_2_font=&#8221;Times New Roman|700|||||||&#8221; header_2_font_size=&#8221;38px&#8221; header_2_letter_spacing=&#8221;1px&#8221; header_2_line_height=&#8221;1.4em&#8221; header_3_font=&#8221;Verdana|700||on|||||&#8221; header_3_text_color=&#8221;#edbb5f&#8221; header_3_font_size=&#8221;14px&#8221; header_3_letter_spacing=&#8221;1px&#8221; header_3_line_height=&#8221;2em&#8221; max_width=&#8221;1080px&#8221; min_height=&#8221;30px&#8221; custom_margin=&#8221;||10px||false|false&#8221; global_colors_info=&#8221;{}&#8221;]<\/p>\n<h2 style=\"text-align: center;\">Einreiseerleichterungen seit dem 1<strong>1.03.2022<\/strong>:<\/h2>\n<h3 data-fontsize=\"13\" data-lineheight=\"19.5px\"><strong><\/strong><\/h3>\n<p>[\/et_pb_text][\/et_pb_column][\/et_pb_row][et_pb_row column_structure=&#8221;1_2,1_2&#8243; use_custom_gutter=&#8221;on&#8221; gutter_width=&#8221;2&#8243; _builder_version=&#8221;4.16&#8243; _module_preset=&#8221;default&#8221; min_height=&#8221;50px&#8221; custom_margin=&#8221;1px|auto|0px|auto|false|false&#8221; custom_padding=&#8221;1px||0px||false|false&#8221; global_colors_info=&#8221;{}&#8221;][et_pb_column type=&#8221;1_2&#8243; _builder_version=&#8221;4.16&#8243; _module_preset=&#8221;default&#8221; global_colors_info=&#8221;{}&#8221;][et_pb_text _builder_version=&#8221;4.16&#8243; _module_preset=&#8221;default&#8221; custom_margin=&#8221;|||50px|false|false&#8221; global_colors_info=&#8221;{}&#8221;]<\/p>\n<p><strong>Geimpfte G\u00e4ste<\/strong><\/p>\n<ul>\n<li>Ein negativer PCR-Test vor der Einreise wird nicht mehr verlangt.<\/li>\n<li>Einreisende werden jetzt nur noch am Ankunftstag getestet (im Hotel bei vorgebuchtem Hotelaufenthalt; am Flughafen in den \u00fcbrigen F\u00e4llen).<\/li>\n<\/ul>\n<p>[\/et_pb_text][\/et_pb_column][et_pb_column type=&#8221;1_2&#8243; _builder_version=&#8221;4.16&#8243; _module_preset=&#8221;default&#8221; global_colors_info=&#8221;{}&#8221;][et_pb_text _builder_version=&#8221;4.16&#8243; _module_preset=&#8221;default&#8221; custom_margin=&#8221;|||50px|false|false&#8221; global_colors_info=&#8221;{}&#8221;]<\/p>\n<p><strong>Nicht geimpfte Reisende<\/strong><\/p>\n<ul>\n<li>Die Quarant\u00e4ne-Regelung f\u00fcr ungeimpfte Einreisende (14 Tage &#8220;Room only&#8221; in speziellen Hotels) wurde aufgehoben.<\/li>\n<li>K\u00fcnftig m\u00fcssen sich nicht gegen Covid-19 geimpfte Einreisende nur 7 Tage in Selbstisolation in einer frei zu w\u00e4hlenden Unterkunft begeben.<\/li>\n<li>Au\u00dfer einem Test am Ankunftstag sind keine weiteren Tests erforderlich.<\/li>\n<li>Ab dem 8. Tag kann man sich frei bewegen.<\/li>\n<\/ul>\n<p>[\/et_pb_text][\/et_pb_column][\/et_pb_row][et_pb_row _builder_version=&#8221;4.16&#8243; module_alignment=&#8221;center&#8221; custom_margin=&#8221;|auto|-81px|auto||&#8221; custom_padding=&#8221;|0px|0px|0px|false|false&#8221; animation_style=&#8221;fade&#8221; global_colors_info=&#8221;{}&#8221;][et_pb_column type=&#8221;4_4&#8243; _builder_version=&#8221;4.16&#8243; custom_padding=&#8221;||30px|6%&#8221; global_colors_info=&#8221;{}&#8221; custom_padding__hover=&#8221;|||&#8221;][et_pb_text _builder_version=&#8221;4.16&#8243; text_font=&#8221;||||||||&#8221; text_font_size=&#8221;30px&#8221; text_line_height=&#8221;1em&#8221; header_font=&#8221;|600|||||||&#8221; header_2_font=&#8221;Times New Roman|700|||||||&#8221; header_2_font_size=&#8221;38px&#8221; header_2_letter_spacing=&#8221;1px&#8221; header_2_line_height=&#8221;1.4em&#8221; header_3_font=&#8221;Verdana|700||on|||||&#8221; header_3_text_color=&#8221;#edbb5f&#8221; header_3_font_size=&#8221;14px&#8221; header_3_letter_spacing=&#8221;1px&#8221; header_3_line_height=&#8221;2em&#8221; max_width=&#8221;1080px&#8221; min_height=&#8221;30px&#8221; custom_margin=&#8221;||10px||false|false&#8221; global_colors_info=&#8221;{}&#8221;]<\/p>\n<h2 style=\"text-align: center;\">Reisebeschr\u00e4nkungen vom\u00a0<strong>01.10.2021<\/strong> bis zum 10.03.2022:<\/h2>\n<h3 data-fontsize=\"13\" data-lineheight=\"19.5px\"><strong><\/strong><\/h3>\n<p>[\/et_pb_text][\/et_pb_column][\/et_pb_row][et_pb_row column_structure=&#8221;1_2,1_2&#8243; use_custom_gutter=&#8221;on&#8221; gutter_width=&#8221;2&#8243; _builder_version=&#8221;4.16&#8243; _module_preset=&#8221;default&#8221; min_height=&#8221;50px&#8221; custom_margin=&#8221;1px|auto|0px|auto|false|false&#8221; custom_padding=&#8221;1px||0px||false|false&#8221; global_colors_info=&#8221;{}&#8221;][et_pb_column type=&#8221;1_2&#8243; _builder_version=&#8221;4.16&#8243; _module_preset=&#8221;default&#8221; global_colors_info=&#8221;{}&#8221;][et_pb_text _builder_version=&#8221;4.16&#8243; _module_preset=&#8221;default&#8221; custom_margin=&#8221;|||50px|false|false&#8221; global_colors_info=&#8221;{}&#8221;]<\/p>\n<p><strong>Geimpfte G\u00e4ste<\/strong><\/p>\n<ul>\n<li>Volle \u00d6ffnung der Insel!<\/li>\n<li>Genie\u00dfen Sie einen Aufenthalt in einem der sch\u00f6nen Hotels.<\/li>\n<li>Erkunden Sie die Insel und ihre Attraktionen frei w\u00e4hrend Ihres Urlaubs.<\/li>\n<li>F\u00fcr die Einreise nach Mauritius m\u00fcssen Sie einen negativen PCR-Test vorlegen, der innerhalb von 72 Stunden vor der Abreise durchgef\u00fchrt wurde.<\/li>\n<\/ul>\n<p>[\/et_pb_text][\/et_pb_column][et_pb_column type=&#8221;1_2&#8243; _builder_version=&#8221;4.16&#8243; _module_preset=&#8221;default&#8221; global_colors_info=&#8221;{}&#8221;][et_pb_text _builder_version=&#8221;4.16&#8243; _module_preset=&#8221;default&#8221; custom_margin=&#8221;|||50px|false|false&#8221; global_colors_info=&#8221;{}&#8221;]<\/p>\n<p><strong>Nicht geimpfte Reisende<\/strong><\/p>\n<ul>\n<li>Buchen Sie eine 14-t\u00e4gige Quarant\u00e4ne inklusive Mahlzeiten und Transfers in einem offiziell ausgewiesenen Hotel.<\/li>\n<li>Sie m\u00fcssen 14 Tage lang in Ihrem Hotelzimmer bleiben; die Mahlzeiten werden auf Ihr Zimmer geliefert.<\/li>\n<li>Am Ankunftstag sowie an den Tagen 7 und 14 werden Sie einem PCR-Test unterzogen.<\/li>\n<li>Nach einem negativen PCR-Test an Tag 14 k\u00f6nnen Sie die Insel frei erkunden und in eine andere Unterkunft umziehen oder nach Hause fahren<\/li>\n<\/ul>\n<p>[\/et_pb_text][\/et_pb_column][\/et_pb_row][et_pb_row _builder_version=&#8221;4.16&#8243; module_alignment=&#8221;center&#8221; custom_margin=&#8221;|||&#8221; custom_padding=&#8221;|0px|0px|0px|false|false&#8221; animation_style=&#8221;fade&#8221; global_colors_info=&#8221;{}&#8221;][et_pb_column type=&#8221;4_4&#8243; _builder_version=&#8221;4.16&#8243; custom_padding=&#8221;||30px|6%&#8221; global_colors_info=&#8221;{}&#8221; custom_padding__hover=&#8221;|||&#8221;][et_pb_text _builder_version=&#8221;4.16&#8243; text_font=&#8221;||||||||&#8221; text_font_size=&#8221;30px&#8221; header_font=&#8221;|600|||||||&#8221; header_2_font=&#8221;Times New Roman|700|||||||&#8221; header_2_font_size=&#8221;38px&#8221; header_2_letter_spacing=&#8221;1px&#8221; header_2_line_height=&#8221;1.4em&#8221; header_3_font=&#8221;Verdana|700||on|||||&#8221; header_3_text_color=&#8221;#edbb5f&#8221; header_3_font_size=&#8221;14px&#8221; header_3_letter_spacing=&#8221;1px&#8221; header_3_line_height=&#8221;2em&#8221; max_width=&#8221;1080px&#8221; custom_margin=&#8221;||10px||false|false&#8221; global_colors_info=&#8221;{}&#8221;]<\/p>\n<h2 style=\"text-align: center;\">COVID-19 in Mauritius: Historischer R\u00fcckblick<\/h2>\n<h3 data-fontsize=\"13\" data-lineheight=\"19.5px\"><strong><\/strong><\/h3>\n<p>[\/et_pb_text][\/et_pb_column][\/et_pb_row][et_pb_row use_custom_gutter=&#8221;on&#8221; gutter_width=&#8221;1&#8243; _builder_version=&#8221;4.16&#8243; module_alignment=&#8221;center&#8221; custom_margin=&#8221;||-10px||false|false&#8221; custom_padding=&#8221;14px|0px|0px|0px|false|false&#8221; animation_style=&#8221;fade&#8221; global_colors_info=&#8221;{}&#8221;][et_pb_column type=&#8221;4_4&#8243; _builder_version=&#8221;4.16&#8243; custom_padding=&#8221;||30px|6%&#8221; global_colors_info=&#8221;{}&#8221; custom_padding__hover=&#8221;|||&#8221;][et_pb_text _builder_version=&#8221;4.16&#8243; text_line_height=&#8221;1em&#8221; custom_padding=&#8221;||8px|||&#8221; global_colors_info=&#8221;{}&#8221;]<\/p>\n<h2>Update 29. Mai 2021:<\/h2>\n<p>[\/et_pb_text][et_pb_text _builder_version=&#8221;4.16&#8243; min_height=&#8221;30px&#8221; custom_padding=&#8221;||30px|||&#8221; global_colors_info=&#8221;{}&#8221;]<\/p>\n<p>Der nationale Lockdown wurde ab 1. April gelockert.\u00a0Alles ist wieder offen, nur die Str\u00e4nde sind vorerst noch gesperrt. Es gelten Maskenpflicht in der \u00d6ffentlichkeit.<\/p>\n<p>Die vormaligen Roten Zonen bestehen nicht mehr. Eine neue Rote Zone betrifft nur einige kleine D\u00f6rfer. Die letzte Rote Zone wird am 7. Juni aufgehoben.<\/p>\n<p>S\u00e4mtliche Fl\u00fcge nach Mauritius bleiben bis zum 31. Juli\u00a0 ausgesetzt. Gelegentliche Fl\u00fcge von Mauritius nach Paris und Dubai finden statt.<\/p>\n<p>Aktuelle Informationen finden Sie <a href=\"https:\/\/govmu.org\/EN\/Pages\/NewsDetails.aspx?n=Covid-19--Mauritius-in-National-Lockdown-as-from-10-March-2021,-announces-PM.aspx\">hier<\/a> und eine \u00dcbersichtsseite <a href=\"https:\/\/govmu.org\/EN\/Pages\/ViewAllCommunique.aspx\">hier<\/a>.<\/p>\n<p>[\/et_pb_text][et_pb_text _builder_version=&#8221;4.16&#8243; text_line_height=&#8221;1em&#8221; custom_padding=&#8221;||8px|||&#8221; global_colors_info=&#8221;{}&#8221;]<\/p>\n<h2>Update 25. M\u00e4rz 2021:<\/h2>\n<p>[\/et_pb_text][et_pb_text _builder_version=&#8221;4.16&#8243; min_height=&#8221;30px&#8221; custom_padding=&#8221;||30px|||&#8221; global_colors_info=&#8221;{}&#8221;]<\/p>\n<p>Der nationale Lockdown wurde verl\u00e4ngert; ab dem 31. M\u00e4rz 2021 beginnt Phase 1 der Lockerung.\u00a0 <\/p>\n<p>Superm\u00e4rkte, L\u00e4den, Arztpraxen, Apotheken, B\u00e4ckereien, Banken und Tankstellen sind unter strengen Hygienema\u00dfnahmen ge\u00f6ffnet.<\/p>\n<p>Die St\u00e4dte Curepipe, Flor\u00e9al, Midlands, Vacoas und Phoenix bilden die sog. Rote Zone, die nur unter bestimmten Bedingungen betreten oder verlassen werden darf.<\/p>\n<p>S\u00e4mtliche Fl\u00fcge nach Mauritius bleiben bis zum 15. April ausgesetzt. Gelegentliche Fl\u00fcge von Mauritius nach Paris und Dubai finden statt.<\/p>\n<p>Aktuelle Informationen finden Sie <a href=\"https:\/\/govmu.org\/EN\/Pages\/NewsDetails.aspx?n=Covid-19--Mauritius-in-National-Lockdown-as-from-10-March-2021,-announces-PM.aspx\">hier<\/a> und eine \u00dcbersichtsseite <a href=\"https:\/\/govmu.org\/EN\/Pages\/ViewAllCommunique.aspx\">hier<\/a>.<\/p>\n<p>[\/et_pb_text][et_pb_text _builder_version=&#8221;4.16&#8243; text_line_height=&#8221;1em&#8221; custom_padding=&#8221;||8px|||&#8221; global_colors_info=&#8221;{}&#8221;]<\/p>\n<h2>Update 11. M\u00e4rz 2021:<\/h2>\n<p>[\/et_pb_text][et_pb_text _builder_version=&#8221;4.16&#8243; min_height=&#8221;30px&#8221; custom_padding=&#8221;||18px|||&#8221; global_colors_info=&#8221;{}&#8221;]<\/p>\n<p>Nachdem in Mauritius einige lokal \u00fcbertragene F\u00e4lle von COVID-19 aufgetreten sind, wurde ein nationaler Lockdown vom 10. bis 25. M\u00e4rz 2021 angeordnet.<\/p>\n<p>Im Rahmen der Einschr\u00e4nkungen bleiben alle Aktivit\u00e4ten geschlossen, mit Ausnahme der Polizei, des Hafens, des Flughafens, der Feuerwehr, des Gesundheitswesens, der Apotheken und der Sicherheitsdienste.<\/p>\n<p>Superm\u00e4rkte, L\u00e4den, B\u00e4ckereien und Tankstellen bleiben unter strengen Hygienema\u00dfnahmen ge\u00f6ffnet.<\/p>\n<p>F\u00fcr die St\u00e4dte Curepipe, Flor\u00e9al, Midlands, Vacoas und Phoenix wurde eine Ausgangssperre verh\u00e4ngt.<\/p>\n<p>S\u00e4mtliche Fl\u00fcge nach Mauritius wurden ab dem 07. M\u00e4rz 2021 f\u00fcr eine Woche ausgesetzt.<\/p>\n<p>[\/et_pb_text][et_pb_text _builder_version=&#8221;4.16&#8243; text_line_height=&#8221;1em&#8221; custom_padding=&#8221;||8px|||&#8221; global_colors_info=&#8221;{}&#8221;]<\/p>\n<h2>Lange Covid-freie Periode in Mauritius<\/h2>\n<p>[\/et_pb_text][et_pb_text _builder_version=&#8221;4.16&#8243; min_height=&#8221;30px&#8221; global_colors_info=&#8221;{}&#8221;]<\/p>\n<p>Vom 15. Juni 2020 bis zum 9. M\u00e4rz 2021 herrschte normales Leben in Mauritius. Alle Beschr\u00e4nkungen des vorherigen Lockdowns seit 19. M\u00e4rz 2020 wurden aufgehoben, mit zwei Ausnahmen:<\/p>\n<ul>\n<li>In der \u00d6ffentlichkeit muss man weiterhin eine Gesichtsmaske tragen, wobei dies in der Praxis recht entspannt gehandhabt wird.<\/li>\n<li>Alle ankommenden Passagiere m\u00fcssen f\u00fcr 14 Tage in strenge Quarant\u00e4ne, und zwar in einem der extra daf\u00fcr zugelassenen Quarant\u00e4ne-Hotels; diese Regelung gilt vorerst bis 31.05.2021. Au\u00dferdem m\u00fcssen Passagiere beim Einchecken einen PCR-Test vorweisen, der nicht \u00e4lter als 5 Tage ist.<\/li>\n<\/ul>\n<p>Aktuelle Informationen finden Sie <a href=\"https:\/\/www.mymauritius.travel\/mauritius-travel-alerts\">hier<\/a>.<\/p>\n<p>N\u00e4here Informationen zu dem am 26.01.2021 gestarteten Impfprogramm finden Sie <a href=\"https:\/\/www.mymauritius.travel\/sites\/default\/files\/articles-pdf\/MAURITIUS-LAUNCHES-ITS-COVID19-VACCINATION-PROGRAMME.pdf\">hier<\/a>. Die Regierung verfolgt das Ziel, 60% der Bev\u00f6lkerung zu impfen, um Herdenimmunit\u00e4t zu erreichen. Reisende mit Immunit\u00e4tsnachweis sollen bald ohne Quarant\u00e4ne einreisen d\u00fcrfen.<\/p>\n<p>Die Str\u00e4nde und Naturparks waren offen, und alle \u00f6ffentlichen Einrichtungen\u00a0 frei zug\u00e4nglich, incl. Restaurants, Kinos, Fitnessstudios, Versammlungsorte usw. Es gab kein Social Distancing mehr. Romantik zu zweit und Feiern unter Freunden waren ohne Einschr\u00e4nkungen m\u00f6glich &#8211; welch ein Unterschied zu den meisten europ\u00e4ischen L\u00e4ndern!<\/p>\n<p>Mauritius ist zuversichtlich, dass diese angenehme Lebensweise schon bald wieder m\u00f6glich sein wird.<\/p>\n<p>[\/et_pb_text][\/et_pb_column][\/et_pb_row][et_pb_row use_custom_gutter=&#8221;on&#8221; gutter_width=&#8221;1&#8243; _builder_version=&#8221;4.16&#8243; module_alignment=&#8221;center&#8221; custom_margin=&#8221;||-10px||false|false&#8221; custom_padding=&#8221;14px|0px|0px|0px|false|false&#8221; animation_style=&#8221;fade&#8221; global_colors_info=&#8221;{}&#8221;][et_pb_column type=&#8221;4_4&#8243; _builder_version=&#8221;4.16&#8243; custom_padding=&#8221;||30px|6%&#8221; global_colors_info=&#8221;{}&#8221; custom_padding__hover=&#8221;|||&#8221;][et_pb_text _builder_version=&#8221;4.16&#8243; text_line_height=&#8221;1em&#8221; min_height=&#8221;29px&#8221; custom_padding=&#8221;||0px|||&#8221; global_colors_info=&#8221;{}&#8221;]<\/p>\n<h2>Corona-Ma\u00dfnahmen: Vergleich Mauritius &#8211; Deutschland<\/h2>\n<p>[\/et_pb_text][\/et_pb_column][\/et_pb_row][et_pb_row column_structure=&#8221;1_2,1_2&#8243; use_custom_gutter=&#8221;on&#8221; gutter_width=&#8221;1&#8243; _builder_version=&#8221;4.16&#8243; module_alignment=&#8221;center&#8221; custom_margin=&#8221;||-10px||false|false&#8221; custom_padding=&#8221;14px|0px|0px|0px|false|false&#8221; animation_style=&#8221;fade&#8221; global_colors_info=&#8221;{}&#8221;][et_pb_column type=&#8221;1_2&#8243; _builder_version=&#8221;4.16&#8243; custom_padding=&#8221;||30px|6%&#8221; global_colors_info=&#8221;{}&#8221; custom_padding__hover=&#8221;|||&#8221;][et_pb_text _builder_version=&#8221;4.16&#8243; min_height=&#8221;30px&#8221; custom_padding=&#8221;2px||12px|||&#8221; global_colors_info=&#8221;{}&#8221;]<\/p>\n<p>Der Unterschied zwischen Deutschland und Mauritius bez\u00fcglich der verh\u00e4ngten Anti-Corona-Ma\u00dfnahmen ist gewaltig:<\/p>\n<p>[\/et_pb_text][et_pb_image src=&#8221;https:\/\/pro-mauritius.com\/wp-content\/uploads\/2021\/02\/GSI_MU_Germany.png&#8221; title_text=&#8221;GSI_MU_Germany&#8221; _builder_version=&#8221;4.16&#8243; _module_preset=&#8221;default&#8221; custom_padding=&#8221;||14px|||&#8221; global_colors_info=&#8221;{}&#8221;][\/et_pb_image][et_pb_text _builder_version=&#8221;4.16&#8243; text_font=&#8221;||||||||&#8221; text_line_height=&#8221;1.4em&#8221; ul_font=&#8221;||||||||&#8221; ol_font=&#8221;||||||||&#8221; max_width=&#8221;1080px&#8221; module_alignment=&#8221;left&#8221; custom_margin=&#8221;||0px||false|false&#8221; custom_padding=&#8221;||14px||false|false&#8221; global_colors_info=&#8221;{}&#8221;]<\/p>\n<p>F\u00fcr weitere Vergleichsgrafiken klicken Sie <a href=\"https:\/\/pro-mauritius.com\/home\/covid-19\/gsi-de\">hier<\/a>. <\/p>\n<p>[\/et_pb_text][et_pb_text _builder_version=&#8221;4.16&#8243; text_font=&#8221;||||||||&#8221; text_line_height=&#8221;1.4em&#8221; ul_font=&#8221;||||||||&#8221; ol_font=&#8221;||||||||&#8221; max_width=&#8221;1080px&#8221; module_alignment=&#8221;left&#8221; custom_margin=&#8221;||0px||false|false&#8221; custom_padding=&#8221;||0px||false|false&#8221; global_colors_info=&#8221;{}&#8221;]<\/p>\n<p><em>Update 25.\u00a0 M\u00e4rz 2021: W\u00e4hrend des neuen Lockdowns sieht der Chart anders aus. Der GSI-Index von Mauritius steht aktuell \u00fcber 90.<\/em><\/p>\n<p>[\/et_pb_text][\/et_pb_column][et_pb_column type=&#8221;1_2&#8243; _builder_version=&#8221;4.16&#8243; custom_padding=&#8221;||30px|6%&#8221; global_colors_info=&#8221;{}&#8221; custom_padding__hover=&#8221;|||&#8221;][et_pb_text _builder_version=&#8221;4.16&#8243; min_height=&#8221;30px&#8221; global_colors_info=&#8221;{}&#8221;]<\/p>\n<p>Das <em>Oxford Coronavirus Government Response Tracker (OxCGRT)-Projekt <\/em>berechnet einen <a href=\"https:\/\/ourworldindata.org\/covid-government-stringency-index\"><strong>Government Stringency Index<\/strong><\/a>, ein zusammengesetztes Ma\u00df aus neun der von der Regierung verh\u00e4ngten Ma\u00dfnahmen. <o:p><\/o:p><\/p>\n<p>Die neun Kriterien, die zur Berechnung des Government Stringency Index herangezogen werden, sind: Schlie\u00dfung von Schulen, Schlie\u00dfung von Arbeitspl\u00e4tzen, Absage von \u00f6ffentlichen Veranstaltungen, Einschr\u00e4nkung von \u00f6ffentlichen Versammlungen, Schlie\u00dfung von \u00f6ffentlichen Verkehrsmitteln, Ausgangssperren, \u00f6ffentliche Informationskampagnen, Einschr\u00e4nkung von innerstaatlichen Reisen und internationale Reisekontrollen.<o:p><\/o:p><\/p>\n<p>Der Index an einem bestimmten Tag wird als Mittelwert der neun Messgr\u00f6\u00dfen berechnet, wobei jede einen Wert zwischen 0 und 100 hat. <o:p><\/o:p><\/p>\n<p>[\/et_pb_text][\/et_pb_column][\/et_pb_row][et_pb_row use_custom_gutter=&#8221;on&#8221; gutter_width=&#8221;1&#8243; _builder_version=&#8221;4.16&#8243; module_alignment=&#8221;center&#8221; custom_margin=&#8221;||-10px||false|false&#8221; custom_padding=&#8221;14px|0px|0px|0px|false|false&#8221; animation_style=&#8221;fade&#8221; global_colors_info=&#8221;{}&#8221;][et_pb_column type=&#8221;4_4&#8243; _builder_version=&#8221;4.16&#8243; custom_padding=&#8221;||30px|6%&#8221; global_colors_info=&#8221;{}&#8221; custom_padding__hover=&#8221;|||&#8221;][et_pb_text _builder_version=&#8221;4.16&#8243; text_line_height=&#8221;1em&#8221; custom_padding=&#8221;27px||8px|||&#8221; global_colors_info=&#8221;{}&#8221;]<\/p>\n<h2>Wichtige Punkte f\u00fcr Auswanderer<\/h2>\n<p>[\/et_pb_text][\/et_pb_column][\/et_pb_row][et_pb_row column_structure=&#8221;1_4,3_4&#8243; use_custom_gutter=&#8221;on&#8221; gutter_width=&#8221;1&#8243; _builder_version=&#8221;4.16&#8243; module_alignment=&#8221;center&#8221; custom_margin=&#8221;|||&#8221; custom_padding=&#8221;14px|0px|0px|0px|false|false&#8221; animation_style=&#8221;fade&#8221; global_colors_info=&#8221;{}&#8221;][et_pb_column type=&#8221;1_4&#8243; _builder_version=&#8221;4.16&#8243; custom_padding=&#8221;||30px|6%&#8221; global_colors_info=&#8221;{}&#8221; custom_padding__hover=&#8221;|||&#8221;][et_pb_image src=&#8221;https:\/\/pro-mauritius.com\/wp-content\/uploads\/2020\/05\/covid-virus-globe2.jpg&#8221; alt=&#8221;Globe as coronavirus&#8221; show_bottom_space=&#8221;off&#8221; _builder_version=&#8221;4.16&#8243; custom_margin=&#8221;|0px||0px|false|false&#8221; custom_padding=&#8221;|0px||0px|false|false&#8221; global_colors_info=&#8221;{}&#8221;][\/et_pb_image][et_pb_text _builder_version=&#8221;4.16&#8243; text_font_size=&#8221;10px&#8221; global_colors_info=&#8221;{}&#8221;]<\/p>\n<p>Bild: Pixabay<\/p>\n<p>[\/et_pb_text][\/et_pb_column][et_pb_column type=&#8221;3_4&#8243; _builder_version=&#8221;4.16&#8243; custom_padding=&#8221;||30px|6%&#8221; global_colors_info=&#8221;{}&#8221; custom_padding__hover=&#8221;|||&#8221;][et_pb_text _builder_version=&#8221;4.16&#8243; text_font=&#8221;||||||||&#8221; text_line_height=&#8221;1.4em&#8221; ul_font=&#8221;||||||||&#8221; ol_font=&#8221;||||||||&#8221; max_width=&#8221;1080px&#8221; module_alignment=&#8221;left&#8221; custom_margin=&#8221;||0px||false|false&#8221; custom_padding=&#8221;||0px||false|false&#8221; global_colors_info=&#8221;{}&#8221;]<\/p>\n<p>Menschen, die auswandern wollen, fragen sich, wie sich die Regierung ihres Ziellandes w\u00e4hrend der Coronavirus-Krise verhalten hat, und welche Ma\u00dfnahmen sie gegen Covid-19 ergriffen hat. Denn demonstriertes Verhalten in der Vergangenheit l\u00e4sst R\u00fcckschl\u00fcsse zu auf wahrscheinliches Verhalten in der Zukunft in \u00e4hnlichen Situationen.<\/p>\n<p>Manche Staaten, die im deutschsprachigen Raum als beliebte Auswanderungsziele galten, zeigten ein unerwartet unfreundliches, manchmal gar verst\u00f6rendes Gesicht. Drakonische Ma\u00dfnahmen, Hinderung von Touristen an der Heimreise, Diskriminierung von Ausl\u00e4ndern und Einsatz von Polizeigewalt verwandelten nicht wenige, bisher als friedlich und freiheitlich geltende L\u00e4nder in Zwangsaufenthaltsorte mit teilweise sehr unangenehmen Lebensbedingungen, bei zum Teil gro\u00dfen regionalen Unterschieden.<\/p>\n<p>Beim Vergleich mit anderen L\u00e4ndern sieht Mauritius sehr gut aus. Klicken Sie <a href=\"https:\/\/pro-mauritius.com\/home\/covid-19\/gsi-de\">hier<\/a> f\u00fcr Vergleiche des Government Stringency Index zwischen Mauritius und Vertretern aus den folgenden L\u00e4ndergruppen: Nordamerika, Lateinamerika, Asien, Fernost und Pazifik, Mittelmeer-Anrainerstaaten, Inselstaaten, Steueroasen, beliebte Auswandererl\u00e4nder, bevorzugte Ziele digitaler Nomaden und &#8220;Ma\u00dfnahmen-Verweigerungs-L\u00e4nder&#8221;.<\/p>\n<p>[\/et_pb_text][\/et_pb_column][\/et_pb_row][et_pb_row use_custom_gutter=&#8221;on&#8221; gutter_width=&#8221;1&#8243; _builder_version=&#8221;4.16&#8243; module_alignment=&#8221;center&#8221; custom_margin=&#8221;||-10px||false|false&#8221; custom_padding=&#8221;14px|0px|0px|0px|false|false&#8221; animation_style=&#8221;fade&#8221; global_colors_info=&#8221;{}&#8221;][et_pb_column type=&#8221;4_4&#8243; _builder_version=&#8221;4.16&#8243; custom_padding=&#8221;||30px|6%&#8221; global_colors_info=&#8221;{}&#8221; custom_padding__hover=&#8221;|||&#8221;][et_pb_text _builder_version=&#8221;4.16&#8243; text_line_height=&#8221;1em&#8221; header_2_line_height=&#8221;1.3em&#8221; global_colors_info=&#8221;{}&#8221;]<\/p>\n<h2>Ma\u00dfnahmen der Regierung von Mauritius gegen Covid-19 im Jahr 2020<\/h2>\n<p>[\/et_pb_text][\/et_pb_column][\/et_pb_row][et_pb_row column_structure=&#8221;1_4,3_4&#8243; use_custom_gutter=&#8221;on&#8221; gutter_width=&#8221;1&#8243; _builder_version=&#8221;4.16&#8243; module_alignment=&#8221;center&#8221; custom_margin=&#8221;|||&#8221; custom_padding=&#8221;14px|0px|0px|0px|false|false&#8221; animation_style=&#8221;fade&#8221; global_colors_info=&#8221;{}&#8221;][et_pb_column type=&#8221;1_4&#8243; _builder_version=&#8221;4.16&#8243; custom_padding=&#8221;||30px|6%&#8221; global_colors_info=&#8221;{}&#8221; custom_padding__hover=&#8221;|||&#8221;][et_pb_text _builder_version=&#8221;4.16&#8243; global_colors_info=&#8221;{}&#8221;]<\/p>\n<p><strong>Lockdown<\/strong><\/p>\n<p>[\/et_pb_text][\/et_pb_column][et_pb_column type=&#8221;3_4&#8243; _builder_version=&#8221;4.16&#8243; custom_padding=&#8221;||30px|6%&#8221; global_colors_info=&#8221;{}&#8221; custom_padding__hover=&#8221;|||&#8221;][et_pb_text _builder_version=&#8221;4.16&#8243; global_colors_info=&#8221;{}&#8221;]<\/p>\n<p>Der Lockdown endete am 31. Mai. Seit dem 26. April gab es praktisch keine neuen lokal \u00fcbertragenen F\u00e4lle mehr. Einige wenige neue importierte F\u00e4lle durch zur\u00fcckkehrende Mauritier befinden sich in Quarant\u00e4ne. Mauritius ist CV-frei (und blieb dies bis zum 9.3.2021).<\/p>\n<p>[\/et_pb_text][\/et_pb_column][\/et_pb_row][et_pb_row column_structure=&#8221;1_4,3_4&#8243; use_custom_gutter=&#8221;on&#8221; gutter_width=&#8221;1&#8243; _builder_version=&#8221;4.16&#8243; module_alignment=&#8221;center&#8221; custom_margin=&#8221;|||&#8221; custom_padding=&#8221;14px|0px|0px|0px|false|false&#8221; animation_style=&#8221;fade&#8221; global_colors_info=&#8221;{}&#8221;][et_pb_column type=&#8221;1_4&#8243; _builder_version=&#8221;4.16&#8243; custom_padding=&#8221;||30px|6%&#8221; global_colors_info=&#8221;{}&#8221; custom_padding__hover=&#8221;|||&#8221;][et_pb_text _builder_version=&#8221;4.16&#8243; global_colors_info=&#8221;{}&#8221;]<\/p>\n<p><strong>Medikamente<\/strong><\/p>\n<p>[\/et_pb_text][\/et_pb_column][et_pb_column type=&#8221;3_4&#8243; _builder_version=&#8221;4.16&#8243; custom_padding=&#8221;||30px|6%&#8221; global_colors_info=&#8221;{}&#8221; custom_padding__hover=&#8221;|||&#8221;][et_pb_text _builder_version=&#8221;4.16&#8243; global_colors_info=&#8221;{}&#8221;]<\/p>\n<p>Das durch viele Studien in seiner Wirksamkeit gegen COVID-19 best\u00e4tigte Medikament Hydroxychloroquin ist in Mauritius zugelassen und wird von \u00c4rzten und Krankenh\u00e4usern empfohlen. <\/p>\n<p>[\/et_pb_text][\/et_pb_column][\/et_pb_row][et_pb_row column_structure=&#8221;1_4,3_4&#8243; use_custom_gutter=&#8221;on&#8221; gutter_width=&#8221;1&#8243; _builder_version=&#8221;4.16&#8243; module_alignment=&#8221;center&#8221; custom_margin=&#8221;|||&#8221; custom_padding=&#8221;14px|0px|0px|0px|false|false&#8221; animation_style=&#8221;fade&#8221; global_colors_info=&#8221;{}&#8221;][et_pb_column type=&#8221;1_4&#8243; _builder_version=&#8221;4.16&#8243; custom_padding=&#8221;||30px|6%&#8221; global_colors_info=&#8221;{}&#8221; custom_padding__hover=&#8221;|||&#8221;][et_pb_text _builder_version=&#8221;4.16&#8243; global_colors_info=&#8221;{}&#8221;]<strong>Solidarit\u00e4t <\/strong>[\/et_pb_text][\/et_pb_column][et_pb_column type=&#8221;3_4&#8243; _builder_version=&#8221;4.16&#8243; custom_padding=&#8221;||30px|6%&#8221; global_colors_info=&#8221;{}&#8221; custom_padding__hover=&#8221;|||&#8221;][et_pb_text _builder_version=&#8221;4.16&#8243; global_colors_info=&#8221;{}&#8221;]<\/p>\n<p>Solidarit\u00e4t praktisch demonstrieren statt Ruf nach Reichensteuer, Zwangsenteignung oder Lastenausgleich: Der Premierminister hat den &#8216;COVID-19 Solidarity Fund&#8217; ins Leben gerufen. Dabei gingen die Politiker mit gutem Vorbild voran: Alle Parlamentarier spenden ein Jahr lang 10% ihres Gehalts in diesen Fonds!<\/p>\n<p>[\/et_pb_text][\/et_pb_column][\/et_pb_row][et_pb_row column_structure=&#8221;1_4,3_4&#8243; use_custom_gutter=&#8221;on&#8221; gutter_width=&#8221;1&#8243; _builder_version=&#8221;4.16&#8243; module_alignment=&#8221;center&#8221; custom_margin=&#8221;|||&#8221; custom_padding=&#8221;14px|0px|0px|0px|false|false&#8221; animation_style=&#8221;fade&#8221; global_colors_info=&#8221;{}&#8221;][et_pb_column type=&#8221;1_4&#8243; _builder_version=&#8221;4.16&#8243; custom_padding=&#8221;||30px|6%&#8221; global_colors_info=&#8221;{}&#8221; custom_padding__hover=&#8221;|||&#8221;][et_pb_text _builder_version=&#8221;4.16&#8243; global_colors_info=&#8221;{}&#8221;]<strong>Finanzierung von Hilfen<br \/>\n<\/strong>[\/et_pb_text][\/et_pb_column][et_pb_column type=&#8221;3_4&#8243; _builder_version=&#8221;4.16&#8243; custom_padding=&#8221;||30px|6%&#8221; global_colors_info=&#8221;{}&#8221; custom_padding__hover=&#8221;|||&#8221;][et_pb_text _builder_version=&#8221;4.16&#8243; global_colors_info=&#8221;{}&#8221;]Anwendung des Verursacherprinzips statt willk\u00fcrlicher Umverteilung: Nur gro\u00dfe und profitable Unternehmen, die staatliche Hilfen in Anspruch genommen haben, m\u00fcssen 15% ihrer k\u00fcnftigen Gewinne in den COVID-19 Solidarity Fund einzahlen. Durch diese faktische Steuererh\u00f6hung steigt ihre Steuerbelastung (Corporate Tax) von 15% auf 30%. Die \u00fcbrigen Unternehmen werden nicht belastet.[\/et_pb_text][et_pb_text _builder_version=&#8221;4.16&#8243; custom_margin=&#8221;14px|||||&#8221; custom_padding=&#8221;||0px|||&#8221; global_colors_info=&#8221;{}&#8221;]<\/p>\n<p>Zus\u00e4tzlich wurde ein bereits bestehender Solidarit\u00e4tszuschlag (Solidarity Levy) auf private Eink\u00fcnfte erh\u00f6ht: Auf Einkommensbestandteile (inkl. Dividenden), die 3 Millionen MUR (ca. 62.000 EUR) pro Jahr \u00fcbersteigen, wird seit dem 1. Juli 2020 ein Solidarit\u00e4tszuschlag (Solidarity Levy) von 25% erhoben, jedoch gedeckelt auf 10% des Gesamteinkommens (nach Abzug von Einmalzahlungen von Pensionen, Lebens- und Unfallversicherungen).<\/p>\n<p>[\/et_pb_text][\/et_pb_column][\/et_pb_row][et_pb_row column_structure=&#8221;1_4,3_4&#8243; use_custom_gutter=&#8221;on&#8221; gutter_width=&#8221;1&#8243; _builder_version=&#8221;4.16&#8243; module_alignment=&#8221;center&#8221; custom_margin=&#8221;|||&#8221; custom_padding=&#8221;14px|0px|0px|0px|false|false&#8221; animation_style=&#8221;fade&#8221; global_colors_info=&#8221;{}&#8221;][et_pb_column type=&#8221;1_4&#8243; _builder_version=&#8221;4.16&#8243; custom_padding=&#8221;||30px|6%&#8221; global_colors_info=&#8221;{}&#8221; custom_padding__hover=&#8221;|||&#8221;][et_pb_text _builder_version=&#8221;4.16&#8243; global_colors_info=&#8221;{}&#8221;]<strong>Einsatz von nationalen Reserven<br \/>\n<\/strong>[\/et_pb_text][\/et_pb_column][et_pb_column type=&#8221;3_4&#8243; _builder_version=&#8221;4.16&#8243; custom_padding=&#8221;||30px|6%&#8221; global_colors_info=&#8221;{}&#8221; custom_padding__hover=&#8221;|||&#8221;][et_pb_text _builder_version=&#8221;4.16&#8243; global_colors_info=&#8221;{}&#8221;]Die Bank of Mauritius, die ihre Reserven bisher international investiert hat, wird durch \u00c4nderung von Regularien dazu erm\u00e4chtigt, jetzt auch in die heimische Wirtschaft zu investieren.[\/et_pb_text][\/et_pb_column][\/et_pb_row][et_pb_row column_structure=&#8221;1_4,3_4&#8243; use_custom_gutter=&#8221;on&#8221; gutter_width=&#8221;1&#8243; _builder_version=&#8221;4.16&#8243; module_alignment=&#8221;center&#8221; custom_margin=&#8221;|||&#8221; custom_padding=&#8221;14px|0px|0px|0px|false|false&#8221; animation_style=&#8221;fade&#8221; global_colors_info=&#8221;{}&#8221;][et_pb_column type=&#8221;1_4&#8243; _builder_version=&#8221;4.16&#8243; custom_padding=&#8221;||30px|6%&#8221; global_colors_info=&#8221;{}&#8221; custom_padding__hover=&#8221;|||&#8221;][et_pb_text _builder_version=&#8221;4.16&#8243; global_colors_info=&#8221;{}&#8221;]<strong>Aus\u00fcbung von Macht<br \/>\n<\/strong>[\/et_pb_text][\/et_pb_column][et_pb_column type=&#8221;3_4&#8243; _builder_version=&#8221;4.16&#8243; custom_padding=&#8221;||30px|6%&#8221; global_colors_info=&#8221;{}&#8221; custom_padding__hover=&#8221;|||&#8221;][et_pb_text _builder_version=&#8221;4.16&#8243; global_colors_info=&#8221;{}&#8221;]Es kam zu keinerlei Gewaltanwendung der Polizei bei der Durchsetzung der Ausgangssperren und anderer Beschr\u00e4nkungen \u2013 im Gegensatz zu vielen lateinamerikanischen und asiatischen Staaten, die sich damit ganz nebenbei als potenzielle Auswanderungsziele disqualifiziert haben.[\/et_pb_text][\/et_pb_column][\/et_pb_row][\/et_pb_section][et_pb_section fb_built=&#8221;1&#8243; _builder_version=&#8221;4.16&#8243; custom_padding=&#8221;0px||0px|||&#8221; global_colors_info=&#8221;{}&#8221;][et_pb_row use_custom_gutter=&#8221;on&#8221; gutter_width=&#8221;1&#8243; _builder_version=&#8221;4.16&#8243; module_alignment=&#8221;center&#8221; custom_margin=&#8221;||-10px||false|false&#8221; custom_padding=&#8221;14px|0px|0px|0px|false|false&#8221; animation_style=&#8221;fade&#8221; global_colors_info=&#8221;{}&#8221;][et_pb_column type=&#8221;4_4&#8243; _builder_version=&#8221;4.16&#8243; custom_padding=&#8221;||30px|6%&#8221; global_colors_info=&#8221;{}&#8221; custom_padding__hover=&#8221;|||&#8221;][et_pb_text _builder_version=&#8221;4.16&#8243; text_line_height=&#8221;1em&#8221; min_height=&#8221;27px&#8221; global_colors_info=&#8221;{}&#8221;]<\/p>\n<h2>Erkenntnisse aus dem bisherigen Pandemie-Verlauf<\/h2>\n<p>[\/et_pb_text][\/et_pb_column][\/et_pb_row][et_pb_row column_structure=&#8221;1_4,3_4&#8243; use_custom_gutter=&#8221;on&#8221; gutter_width=&#8221;1&#8243; _builder_version=&#8221;4.16&#8243; module_alignment=&#8221;center&#8221; custom_margin=&#8221;|||&#8221; custom_padding=&#8221;14px|0px|0px|0px|false|false&#8221; animation_style=&#8221;fade&#8221; global_colors_info=&#8221;{}&#8221;][et_pb_column type=&#8221;1_4&#8243; _builder_version=&#8221;4.16&#8243; custom_padding=&#8221;||30px|6%&#8221; global_colors_info=&#8221;{}&#8221; custom_padding__hover=&#8221;|||&#8221;][et_pb_text _builder_version=&#8221;4.16&#8243; global_colors_info=&#8221;{}&#8221;]<strong>Inselstaaten<br \/>\n<\/strong>[\/et_pb_text][\/et_pb_column][et_pb_column type=&#8221;3_4&#8243; _builder_version=&#8221;4.16&#8243; custom_padding=&#8221;||30px|6%&#8221; global_colors_info=&#8221;{}&#8221; custom_padding__hover=&#8221;|||&#8221;][et_pb_text _builder_version=&#8221;4.16&#8243; global_colors_info=&#8221;{}&#8221;]Generell hat sich w\u00e4hrend der Krise gezeigt, dass Inselstaaten und Gebiete, die sich leicht abschotten lassen, die Ausbreitung des SARS-CoV-2 Coronavirus viel besser und schneller unter Kontrolle gebracht haben als L\u00e4nder mit Landesgrenzen zu anderen Staaten. Das \u00fcberrascht nicht wirklich.<\/p>\n<p>Bei m\u00f6glichen zuk\u00fcnftigen Pandemien, bei denen das Virus eventuell nicht so vergleichsweise harmlos ist wie SARS-CoV-2, dessen Todesfallraten und Ausbreitungsmuster eher derjenigen einer schweren Grippe entsprechen (f\u00fcr Deutschland am 21. Mai vom ifo-Institut best\u00e4tigt), d\u00fcrften Inselstaaten wie Mauritius erneut zu den sichersten Gebieten geh\u00f6ren.[\/et_pb_text][\/et_pb_column][\/et_pb_row][et_pb_row use_custom_gutter=&#8221;on&#8221; gutter_width=&#8221;1&#8243; _builder_version=&#8221;4.16&#8243; module_alignment=&#8221;center&#8221; custom_margin=&#8221;||-10px||false|false&#8221; custom_padding=&#8221;14px|0px|0px|0px|false|false&#8221; animation_style=&#8221;fade&#8221; global_colors_info=&#8221;{}&#8221;][et_pb_column type=&#8221;4_4&#8243; _builder_version=&#8221;4.16&#8243; custom_padding=&#8221;||30px|6%&#8221; global_colors_info=&#8221;{}&#8221; custom_padding__hover=&#8221;|||&#8221;][et_pb_text _builder_version=&#8221;4.16&#8243; text_line_height=&#8221;1em&#8221; min_height=&#8221;27px&#8221; global_colors_info=&#8221;{}&#8221;]<\/p>\n<h2>Vorbeugung gegen einen schweren Krankheitsverlauf von COVID-19<\/h2>\n<p>[\/et_pb_text][\/et_pb_column][\/et_pb_row][et_pb_row column_structure=&#8221;1_4,3_4&#8243; use_custom_gutter=&#8221;on&#8221; gutter_width=&#8221;1&#8243; _builder_version=&#8221;4.16&#8243; module_alignment=&#8221;center&#8221; custom_margin=&#8221;|||&#8221; custom_padding=&#8221;14px|0px|0px|0px|false|false&#8221; animation_style=&#8221;fade&#8221; global_colors_info=&#8221;{}&#8221;][et_pb_column type=&#8221;1_4&#8243; _builder_version=&#8221;4.16&#8243; custom_padding=&#8221;||30px|6%&#8221; global_colors_info=&#8221;{}&#8221; custom_padding__hover=&#8221;|||&#8221;][et_pb_text _builder_version=&#8221;4.16&#8243; global_colors_info=&#8221;{}&#8221;]<\/p>\n<p><strong>St\u00e4rkung des Immunsystems<br \/> <\/strong><\/p>\n<p>[\/et_pb_text][\/et_pb_column][et_pb_column type=&#8221;3_4&#8243; _builder_version=&#8221;4.16&#8243; custom_padding=&#8221;||30px|6%&#8221; global_colors_info=&#8221;{}&#8221; custom_padding__hover=&#8221;|||&#8221;][et_pb_text _builder_version=&#8221;4.16&#8243; global_colors_info=&#8221;{}&#8221;]<\/p>\n<p>Viele medizinische Studien haben inzwischen gezeigt, sich dass der Einzelne durch ein gutes Immunsystem gut gegen einen m\u00f6glichen schweren Krankheitsverlauf von COVID-19 sch\u00fctzen kann. Dabei spielt der Vitamin D Status eine herausragende Rolle. Vitamin D wird von der Haut produziert, wenn sie einer intensiven Sonnenstrahlung ausgesetzt wird. Hierf\u00fcr bildet Mauritius ideale Voraussetzungen &#8211; sowohl geografisch (Tropenn\u00e4he; kein Winter mit zu niedrigem Sonnenstand) als auch klimatisch (viele Sonnenscheinstunden)!<\/p>\n<p>[\/et_pb_text][\/et_pb_column][\/et_pb_row][\/et_pb_section][et_pb_section fb_built=&#8221;1&#8243; admin_label=&#8221;Quote&#8221; _builder_version=&#8221;4.16&#8243; background_position=&#8221;top_right&#8221; custom_margin=&#8221;|||&#8221; custom_padding=&#8221;10px|0px|30px|0px|false|false&#8221; global_colors_info=&#8221;{}&#8221;][\/et_pb_section]<\/p>\n","protected":false},"excerpt":{"rendered":"<p>Mauritius ist wieder offen!Situation 2023: Es gibt keinerlei Einschr\u00e4nkungen mehr: Kein Test, weder bei der Einreise noch beim Check-in am Abflugsort (Ausnahme: falls am Ort des Check-ins oder am Umstiegsort eine Testpflicht besteht) Keine Quarant\u00e4ne mehr. Kein Unterschied zwischen Geimpften und Nichtgeimpften. Eine Maskenpflicht besteht noch in Arztpraxen, Krankenh\u00e4usern, Pflegeheimen und Apotheken.Einreiseerleichterungen seit dem 11.03.2022: [&hellip;]<\/p>\n","protected":false},"author":1,"featured_media":0,"parent":0,"menu_order":0,"comment_status":"closed","ping_status":"closed","template":"","meta":{"_et_pb_use_builder":"on","_et_pb_old_content":"","_et_gb_content_width":""},"yoast_head":"<!-- This site is optimized with the Yoast SEO plugin v17.9 - https:\/\/yoast.com\/wordpress\/plugins\/seo\/ -->\n<title>Mauritius und Covid-19: Wie der Inselstaat die Krise bew\u00e4ltigte<\/title>\n<meta name=\"description\" content=\"Wie verhielt sich die Regierung von Mauritius w\u00e4hrend der Covid-19-Krise, welche Ma\u00dfnahmen ergriff sie, und wie steht das Land heute da?\" \/>\n<meta name=\"robots\" content=\"index, follow, max-snippet:-1, max-image-preview:large, max-video-preview:-1\" \/>\n<link rel=\"canonical\" href=\"https:\/\/pro-mauritius.com\/home\/covid-19\/\" \/>\n<meta property=\"og:locale\" content=\"en_US\" \/>\n<meta property=\"og:type\" content=\"article\" \/>\n<meta property=\"og:title\" content=\"Mauritius und Covid-19: Wie der Inselstaat die Krise bew\u00e4ltigte\" \/>\n<meta property=\"og:description\" content=\"Wie verhielt sich die Regierung von Mauritius w\u00e4hrend der Covid-19-Krise, welche Ma\u00dfnahmen ergriff sie, und wie steht das Land heute da?\" \/>\n<meta property=\"og:url\" content=\"https:\/\/pro-mauritius.com\/home\/covid-19\/\" \/>\n<meta property=\"og:site_name\" content=\"Pro Mauritius\" \/>\n<meta property=\"article:modified_time\" content=\"2023-03-25T07:25:05+00:00\" \/>\n<meta name=\"twitter:card\" content=\"summary_large_image\" \/>\n<meta name=\"twitter:label1\" content=\"Est. reading time\" \/>\n\t<meta name=\"twitter:data1\" content=\"21 minutes\" \/>\n<script type=\"application\/ld+json\" class=\"yoast-schema-graph\">{\"@context\":\"https:\/\/schema.org\",\"@graph\":[{\"@type\":\"WebSite\",\"@id\":\"https:\/\/pro-mauritius.com\/home\/#website\",\"url\":\"https:\/\/pro-mauritius.com\/home\/\",\"name\":\"Pro Mauritius\",\"description\":\"One-stop Consulting for companies, entrepreneurs and expats relocating to Mauritius\",\"potentialAction\":[{\"@type\":\"SearchAction\",\"target\":{\"@type\":\"EntryPoint\",\"urlTemplate\":\"https:\/\/pro-mauritius.com\/home\/?s={search_term_string}\"},\"query-input\":\"required name=search_term_string\"}],\"inLanguage\":\"en-US\"},{\"@type\":\"WebPage\",\"@id\":\"https:\/\/pro-mauritius.com\/home\/covid-19\/#webpage\",\"url\":\"https:\/\/pro-mauritius.com\/home\/covid-19\/\",\"name\":\"Mauritius und Covid-19: Wie der Inselstaat die Krise bew\\u00e4ltigte\",\"isPartOf\":{\"@id\":\"https:\/\/pro-mauritius.com\/home\/#website\"},\"datePublished\":\"2020-05-22T12:03:34+00:00\",\"dateModified\":\"2023-03-25T07:25:05+00:00\",\"description\":\"Wie verhielt sich die Regierung von Mauritius w\\u00e4hrend der Covid-19-Krise, welche Ma\\u00dfnahmen ergriff sie, und wie steht das Land heute da?\",\"breadcrumb\":{\"@id\":\"https:\/\/pro-mauritius.com\/home\/covid-19\/#breadcrumb\"},\"inLanguage\":\"en-US\",\"potentialAction\":[{\"@type\":\"ReadAction\",\"target\":[\"https:\/\/pro-mauritius.com\/home\/covid-19\/\"]}]},{\"@type\":\"BreadcrumbList\",\"@id\":\"https:\/\/pro-mauritius.com\/home\/covid-19\/#breadcrumb\",\"itemListElement\":[{\"@type\":\"ListItem\",\"position\":1,\"name\":\"Home\",\"item\":\"https:\/\/pro-mauritius.com\/home\/\"},{\"@type\":\"ListItem\",\"position\":2,\"name\":\"COVID-19\"}]}]}<\/script>\n<!-- \/ Yoast SEO plugin. -->","yoast_head_json":{"title":"Mauritius und Covid-19: Wie der Inselstaat die Krise bew\u00e4ltigte","description":"Wie verhielt sich die Regierung von Mauritius w\u00e4hrend der Covid-19-Krise, welche Ma\u00dfnahmen ergriff sie, und wie steht das Land heute da?","robots":{"index":"index","follow":"follow","max-snippet":"max-snippet:-1","max-image-preview":"max-image-preview:large","max-video-preview":"max-video-preview:-1"},"canonical":"https:\/\/pro-mauritius.com\/home\/covid-19\/","og_locale":"en_US","og_type":"article","og_title":"Mauritius und Covid-19: Wie der Inselstaat die Krise bew\u00e4ltigte","og_description":"Wie verhielt sich die Regierung von Mauritius w\u00e4hrend der Covid-19-Krise, welche Ma\u00dfnahmen ergriff sie, und wie steht das Land heute da?","og_url":"https:\/\/pro-mauritius.com\/home\/covid-19\/","og_site_name":"Pro Mauritius","article_modified_time":"2023-03-25T07:25:05+00:00","twitter_card":"summary_large_image","twitter_misc":{"Est. reading time":"21 minutes"},"schema":{"@context":"https:\/\/schema.org","@graph":[{"@type":"WebSite","@id":"https:\/\/pro-mauritius.com\/home\/#website","url":"https:\/\/pro-mauritius.com\/home\/","name":"Pro Mauritius","description":"One-stop Consulting for companies, entrepreneurs and expats relocating to Mauritius","potentialAction":[{"@type":"SearchAction","target":{"@type":"EntryPoint","urlTemplate":"https:\/\/pro-mauritius.com\/home\/?s={search_term_string}"},"query-input":"required name=search_term_string"}],"inLanguage":"en-US"},{"@type":"WebPage","@id":"https:\/\/pro-mauritius.com\/home\/covid-19\/#webpage","url":"https:\/\/pro-mauritius.com\/home\/covid-19\/","name":"Mauritius und Covid-19: Wie der Inselstaat die Krise bew\u00e4ltigte","isPartOf":{"@id":"https:\/\/pro-mauritius.com\/home\/#website"},"datePublished":"2020-05-22T12:03:34+00:00","dateModified":"2023-03-25T07:25:05+00:00","description":"Wie verhielt sich die Regierung von Mauritius w\u00e4hrend der Covid-19-Krise, welche Ma\u00dfnahmen ergriff sie, und wie steht das Land heute da?","breadcrumb":{"@id":"https:\/\/pro-mauritius.com\/home\/covid-19\/#breadcrumb"},"inLanguage":"en-US","potentialAction":[{"@type":"ReadAction","target":["https:\/\/pro-mauritius.com\/home\/covid-19\/"]}]},{"@type":"BreadcrumbList","@id":"https:\/\/pro-mauritius.com\/home\/covid-19\/#breadcrumb","itemListElement":[{"@type":"ListItem","position":1,"name":"Home","item":"https:\/\/pro-mauritius.com\/home\/"},{"@type":"ListItem","position":2,"name":"COVID-19"}]}]}},"_links":{"self":[{"href":"https:\/\/pro-mauritius.com\/home\/wp-json\/wp\/v2\/pages\/2339"}],"collection":[{"href":"https:\/\/pro-mauritius.com\/home\/wp-json\/wp\/v2\/pages"}],"about":[{"href":"https:\/\/pro-mauritius.com\/home\/wp-json\/wp\/v2\/types\/page"}],"author":[{"embeddable":true,"href":"https:\/\/pro-mauritius.com\/home\/wp-json\/wp\/v2\/users\/1"}],"replies":[{"embeddable":true,"href":"https:\/\/pro-mauritius.com\/home\/wp-json\/wp\/v2\/comments?post=2339"}],"version-history":[{"count":36,"href":"https:\/\/pro-mauritius.com\/home\/wp-json\/wp\/v2\/pages\/2339\/revisions"}],"predecessor-version":[{"id":4230,"href":"https:\/\/pro-mauritius.com\/home\/wp-json\/wp\/v2\/pages\/2339\/revisions\/4230"}],"wp:attachment":[{"href":"https:\/\/pro-mauritius.com\/home\/wp-json\/wp\/v2\/media?parent=2339"}],"curies":[{"name":"wp","href":"https:\/\/api.w.org\/{rel}","templated":true}]}}