{"id":1363,"date":"2019-01-14T07:16:11","date_gmt":"2019-01-14T03:16:11","guid":{"rendered":"https:\/\/pro-mauritius.com\/?page_id=1363"},"modified":"2022-07-20T16:43:30","modified_gmt":"2022-07-20T12:43:30","slug":"beruflicher-werdegang","status":"publish","type":"page","link":"https:\/\/pro-mauritius.com\/home\/ueber-uns\/beruflicher-werdegang\/","title":{"rendered":"Management"},"content":{"rendered":"<p>[et_pb_section fb_built=&#8221;1&#8243; fullwidth=&#8221;on&#8221; admin_label=&#8221;Hero Section&#8221; _builder_version=&#8221;3.22&#8243;][et_pb_fullwidth_header title=&#8221;\u00dcber Hartmut Sieper&#8221; subhead=&#8221;Leben &#038; beruflicher Werdegang&#8221; background_overlay_color=&#8221;rgba(0,0,0,0.53)&#8221; content_max_width=&#8221;550px&#8221; _builder_version=&#8221;4.8.1&#8243; title_level=&#8221;h3&#8243; title_font=&#8221;Verdana|700||on|||||&#8221; title_text_color=&#8221;#edbb5f&#8221; title_font_size=&#8221;14px&#8221; title_letter_spacing=&#8221;2px&#8221; title_line_height=&#8221;1.4em&#8221; content_font=&#8221;Verdana|600|||||||&#8221; content_font_size=&#8221;16px&#8221; content_line_height=&#8221;2em&#8221; subhead_font=&#8221;Times New Roman|700||on|||||&#8221; subhead_font_size=&#8221;48px&#8221; subhead_letter_spacing=&#8221;3px&#8221; subhead_line_height=&#8221;1.4em&#8221; background_color=&#8221;rgba(255,255,255,0)&#8221; background_image=&#8221;https:\/\/pro-mauritius.com\/wp-content\/uploads\/2018\/12\/hartmut_3.jpg&#8221; custom_button_one=&#8221;on&#8221; button_one_border_width=&#8221;1px&#8221; button_one_border_color=&#8221;rgba(255,255,255,0.3)&#8221; button_one_border_radius=&#8221;0px&#8221; button_one_letter_spacing=&#8221;1px&#8221; button_one_font=&#8221;Saira Extra Condensed|600||on|||||&#8221; button_one_icon=&#8221;%%3%%&#8221; button_one_icon_color=&#8221;#edbb5f&#8221; custom_button_two=&#8221;on&#8221; button_two_border_width=&#8221;1px&#8221; button_two_border_color=&#8221;rgba(255,255,255,0.3)&#8221; button_two_border_radius=&#8221;0px&#8221; button_two_letter_spacing=&#8221;1px&#8221; button_two_font=&#8221;Saira Extra Condensed|600||on|||||&#8221; button_two_icon=&#8221;%%3%%&#8221; button_two_icon_color=&#8221;#edbb5f&#8221; module_alignment=&#8221;right&#8221; custom_margin=&#8221;|||&#8221; custom_padding=&#8221;8%||260px|&#8221; button_one_text_color_hover=&#8221;#edbb5f&#8221; button_two_text_color_hover=&#8221;#edbb5f&#8221; button_one_bg_color_hover=&#8221;rgba(0,0,0,0)&#8221; button_two_bg_color_hover=&#8221;rgba(0,0,0,0)&#8221; button_one_text_size__hover_enabled=&#8221;off&#8221; button_two_text_size__hover_enabled=&#8221;off&#8221; button_one_text_color__hover_enabled=&#8221;on&#8221; button_one_text_color__hover=&#8221;#edbb5f&#8221; button_two_text_color__hover_enabled=&#8221;on&#8221; button_two_text_color__hover=&#8221;#edbb5f&#8221; button_one_border_width__hover_enabled=&#8221;off&#8221; button_two_border_width__hover_enabled=&#8221;off&#8221; button_one_border_color__hover_enabled=&#8221;off&#8221; button_two_border_color__hover_enabled=&#8221;off&#8221; button_one_border_radius__hover_enabled=&#8221;off&#8221; button_two_border_radius__hover_enabled=&#8221;off&#8221; button_one_letter_spacing__hover_enabled=&#8221;off&#8221; button_two_letter_spacing__hover_enabled=&#8221;off&#8221; button_one_bg_color__hover_enabled=&#8221;on&#8221; button_one_bg_color__hover=&#8221;rgba(0,0,0,0)&#8221; button_two_bg_color__hover_enabled=&#8221;on&#8221; button_two_bg_color__hover=&#8221;rgba(0,0,0,0)&#8221;]<\/p>\n<p>&nbsp;<\/p>\n<p>Berufserfahrung<\/p>\n<p>&nbsp;<\/p>\n<p>Pers\u00f6nlicher Hintergrund<\/p>\n<p>[\/et_pb_fullwidth_header][\/et_pb_section][et_pb_section fb_built=&#8221;1&#8243; _builder_version=&#8221;3.22&#8243;][et_pb_row _builder_version=&#8221;3.25&#8243; custom_padding=&#8221;16px|0px|16px|0px|false|false&#8221;][et_pb_column type=&#8221;4_4&#8243; _builder_version=&#8221;3.25&#8243; custom_padding=&#8221;|||&#8221; custom_padding__hover=&#8221;|||&#8221;][et_pb_text _builder_version=&#8221;3.27.4&#8243; header_font=&#8221;|700|||||||&#8221; header_font_size=&#8221;38px&#8221; header_line_height=&#8221;1.3em&#8221; inline_fonts=&#8221;Arial&#8221;]<\/p>\n<h1>Beruflicher Hintergrund von Hartmut Sieper<\/h1>\n<p>[\/et_pb_text][\/et_pb_column][\/et_pb_row][et_pb_row column_structure=&#8221;1_4,3_4&#8243; _builder_version=&#8221;3.25&#8243; custom_padding=&#8221;16px|0px|16px|0px|false|false&#8221;][et_pb_column type=&#8221;1_4&#8243; _builder_version=&#8221;3.25&#8243; custom_padding=&#8221;|||&#8221; custom_padding__hover=&#8221;|||&#8221;][et_pb_image src=&#8221;https:\/\/pro-mauritius.com\/wp-content\/uploads\/2018\/12\/tud.png&#8221; align_tablet=&#8221;center&#8221; align_phone=&#8221;&#8221; align_last_edited=&#8221;on|desktop&#8221; _builder_version=&#8221;3.23&#8243; custom_margin=&#8221;|0px||&#8221; custom_padding=&#8221;|0px||&#8221; box_shadow_style=&#8221;preset1&#8243;][\/et_pb_image][\/et_pb_column][et_pb_column type=&#8221;3_4&#8243; _builder_version=&#8221;3.25&#8243; custom_padding=&#8221;|||&#8221; custom_padding__hover=&#8221;|||&#8221;][et_pb_text _builder_version=&#8221;3.27.4&#8243; header_2_font_size=&#8221;20px&#8221; inline_fonts=&#8221;Arial&#8221;]<\/p>\n<h2><span style=\"font-family: Arial; font-weight: normal;\"><strong><span style=\"color: #3550a0;\">Berufliche Ausbildung<\/span><\/strong><\/span><\/h2>\n<p>Hartmut Sieper studierte Chemie und Geowissenschaften, mit den Nebenf\u00e4chern P\u00e4dagogik, Geologie und Ausfl\u00fcgen in die Informatik und Betriebswirtschaft.<\/p>\n<p>Ausbildung zum\u00a0Bankkaufmann.<\/p>\n<p>[\/et_pb_text][\/et_pb_column][\/et_pb_row][et_pb_row column_structure=&#8221;1_4,3_4&#8243; _builder_version=&#8221;3.25&#8243; custom_padding=&#8221;16px|0px|16px|0px|false|false&#8221;][et_pb_column type=&#8221;1_4&#8243; _builder_version=&#8221;3.25&#8243; custom_padding=&#8221;|||&#8221; custom_padding__hover=&#8221;|||&#8221;][et_pb_image src=&#8221;https:\/\/pro-mauritius.com\/wp-content\/uploads\/2018\/12\/stock_exchange.jpg&#8221; align_tablet=&#8221;center&#8221; align_phone=&#8221;&#8221; align_last_edited=&#8221;on|desktop&#8221; _builder_version=&#8221;3.23&#8243; box_shadow_style=&#8221;preset1&#8243;][\/et_pb_image][\/et_pb_column][et_pb_column type=&#8221;3_4&#8243; _builder_version=&#8221;3.25&#8243; custom_padding=&#8221;|||&#8221; custom_padding__hover=&#8221;|||&#8221;][et_pb_text _builder_version=&#8221;3.27.4&#8243; header_2_font_size=&#8221;20px&#8221; inline_fonts=&#8221;Arial&#8221;]<\/p>\n<h2><span style=\"font-family: Arial; font-weight: normal;\"><strong><span style=\"color: #3550a0;\">Bankkaufmann<\/span><\/strong><\/span><\/h2>\n<p>In seiner T\u00e4tigkeit als Bankkaufmann bei verschiedenen Kreditinstituten spezialisierte sich Hartmut Sieper fr\u00fchzeitig auf das Wertpapier- und B\u00f6rsengesch\u00e4ft.<\/p>\n<p>Hierbei war er Wertpapierberater, Anlagestratege, Options &amp; Futures Experte, Verm\u00f6gensverwalter, Analyst und zuletzt stv. Abteilungsleiter Wertpapieranalyse.<\/p>\n<p>[\/et_pb_text][\/et_pb_column][\/et_pb_row][et_pb_row column_structure=&#8221;1_4,3_4&#8243; _builder_version=&#8221;3.25&#8243; custom_padding=&#8221;16px|0px|16px|0px|false|false&#8221;][et_pb_column type=&#8221;1_4&#8243; _builder_version=&#8221;3.25&#8243; custom_padding=&#8221;|||&#8221; custom_padding__hover=&#8221;|||&#8221;][et_pb_image src=&#8221;https:\/\/pro-mauritius.com\/wp-content\/uploads\/2018\/12\/eastern-europe.jpg&#8221; align_tablet=&#8221;center&#8221; align_phone=&#8221;&#8221; align_last_edited=&#8221;on|desktop&#8221; _builder_version=&#8221;3.23&#8243; box_shadow_style=&#8221;preset1&#8243;][\/et_pb_image][\/et_pb_column][et_pb_column type=&#8221;3_4&#8243; _builder_version=&#8221;3.25&#8243; custom_padding=&#8221;|||&#8221; custom_padding__hover=&#8221;|||&#8221;][et_pb_text _builder_version=&#8221;3.27.4&#8243; header_2_font_size=&#8221;20px&#8221; inline_fonts=&#8221;Arial&#8221;]<\/p>\n<h2><span style=\"font-family: Arial; font-weight: normal;\"><strong><span style=\"color: #3550a0;\">Vorstandsmitglied <\/span><\/strong><\/span><\/h2>\n<p>Als Mitglied des Vorstands einer b\u00f6rsennotierten Beteiligungsgesellschaft geh\u00f6rte er zu den Ersten, die Mitte der neunziger Jahre an den neugegr\u00fcndeten B\u00f6rsen in Osteuropa aktiv wurden.<\/p>\n<p>Das Unternehmen t\u00e4tigte erfolgreich B\u00f6rsentransaktionen und Direktinvestitionen. Hartmut Sieper f\u00fchrte die Gesch\u00e4fte in Polen, Lettland und der Ukraine, und organisierte den Gang an die Frankfurter Wertpapierb\u00f6rse.<\/p>\n<p>[\/et_pb_text][\/et_pb_column][\/et_pb_row][et_pb_row column_structure=&#8221;1_4,3_4&#8243; _builder_version=&#8221;3.25&#8243; custom_padding=&#8221;16px|0px|16px|0px|false|false&#8221;][et_pb_column type=&#8221;1_4&#8243; _builder_version=&#8221;3.25&#8243; custom_padding=&#8221;|||&#8221; custom_padding__hover=&#8221;|||&#8221;][et_pb_image src=&#8221;https:\/\/pro-mauritius.com\/wp-content\/uploads\/2018\/12\/business-coach-0027.jpg&#8221; align_tablet=&#8221;center&#8221; align_phone=&#8221;&#8221; align_last_edited=&#8221;on|desktop&#8221; _builder_version=&#8221;3.23&#8243;][\/et_pb_image][\/et_pb_column][et_pb_column type=&#8221;3_4&#8243; _builder_version=&#8221;3.25&#8243; custom_padding=&#8221;|||&#8221; custom_padding__hover=&#8221;|||&#8221;][et_pb_text _builder_version=&#8221;3.27.4&#8243; header_2_font_size=&#8221;20px&#8221; inline_fonts=&#8221;Arial&#8221;]<\/p>\n<h2><span style=\"font-family: Arial; font-weight: normal;\"><strong><span style=\"color: #3550a0;\">Consultant<\/span><\/strong><\/span><\/h2>\n<p>1997 gr\u00fcndete Hartmut Sieper seine erste eigene Unternehmensberatungsgesellschaft und beriet junge, innovative Unternehmen bei der Erstellung von Businesspl\u00e4nen und unterst\u00fctzte sie bei der vorb\u00f6rslichen Kapitalbeschaffung. Ab 2001 verlagerte er seinen Beratungsschwerpunkt zunehmend auf etablierte Unternehmen.<\/p>\n<p>Sp\u00e4ter erfolgte die Umwandlung seines Beratungsunternehmens in eine Aktiengesellschaft mit nachfolgendem Exit des Gr\u00fcnders.<\/p>\n<p>[\/et_pb_text][\/et_pb_column][\/et_pb_row][et_pb_row column_structure=&#8221;1_4,3_4&#8243; _builder_version=&#8221;3.25&#8243; custom_padding=&#8221;16px|0px|16px|0px|false|false&#8221;][et_pb_column type=&#8221;1_4&#8243; _builder_version=&#8221;3.25&#8243; custom_padding=&#8221;|||&#8221; custom_padding__hover=&#8221;|||&#8221;][et_pb_image src=&#8221;https:\/\/pro-mauritius.com\/wp-content\/uploads\/2018\/12\/hartmut-speaker.jpg&#8221; align_tablet=&#8221;center&#8221; align_phone=&#8221;&#8221; align_last_edited=&#8221;on|desktop&#8221; _builder_version=&#8221;3.23&#8243; box_shadow_style=&#8221;preset1&#8243;][\/et_pb_image][\/et_pb_column][et_pb_column type=&#8221;3_4&#8243; _builder_version=&#8221;3.25&#8243; custom_padding=&#8221;|||&#8221; custom_padding__hover=&#8221;|||&#8221;][et_pb_text _builder_version=&#8221;3.27.4&#8243; header_2_font_size=&#8221;20px&#8221; inline_fonts=&#8221;Arial&#8221;]<\/p>\n<h2><span style=\"font-family: Arial; font-weight: normal;\"><strong><span style=\"color: #3550a0;\">Seminaranbieter und Vortragsredner<\/span><\/strong><\/span><\/h2>\n<p>Seit Mitte der neunziger Jahre hielt Hartmut Sieper selbstentwickelte Seminare und Workshops zu den Themen Technische Analyse, <a href=\"https:\/\/hartmut-sieper.com\/business-plan\/\">Businesspl\u00e4ne<\/a>, Rohstoffe, Emerging Markets und Afrika-Investments, die alle am Markt erfolgreich waren. In dieser Zeit war er auch stv. Vorstandsvorsitzender und zeitweise Gesch\u00e4ftsf\u00fchrer der Vereinigung Technischer Analysten Deutschlands (<a href=\"https:\/\/www.vtad.de\/\">VTAD<\/a>).<\/p>\n<p>Zudem trat er als Vortragsredner auf nationalen und internationalen Tagungen und Kongressen auf und war regelm\u00e4\u00dfiger Gast im deutschen <a href=\"https:\/\/www.youtube.com\/watch?v=5HgbwEL9c6A\">B\u00f6rsen-TV<\/a>.<\/p>\n<p>[\/et_pb_text][\/et_pb_column][\/et_pb_row][et_pb_row column_structure=&#8221;1_4,3_4&#8243; _builder_version=&#8221;3.25&#8243; custom_padding=&#8221;16px|0px|16px|0px|false|false&#8221;][et_pb_column type=&#8221;1_4&#8243; _builder_version=&#8221;3.25&#8243; custom_padding=&#8221;|||&#8221; custom_padding__hover=&#8221;|||&#8221;][et_pb_image src=&#8221;https:\/\/pro-mauritius.com\/wp-content\/uploads\/2018\/12\/africa-books.jpg&#8221; align_tablet=&#8221;center&#8221; align_phone=&#8221;&#8221; align_last_edited=&#8221;on|desktop&#8221; _builder_version=&#8221;3.23&#8243; box_shadow_style=&#8221;preset1&#8243;][\/et_pb_image][\/et_pb_column][et_pb_column type=&#8221;3_4&#8243; _builder_version=&#8221;3.25&#8243; custom_padding=&#8221;|||&#8221; custom_padding__hover=&#8221;|||&#8221;][et_pb_text _builder_version=&#8221;3.27.4&#8243; header_2_font_size=&#8221;20px&#8221; inline_fonts=&#8221;Arial&#8221;]<\/p>\n<h2><span style=\"font-family: Arial; font-weight: normal;\"><strong><span style=\"color: #3550a0;\">Autor<\/span><\/strong><\/span><\/h2>\n<p>Sein erstes Buch \u201e<a href=\"https:\/\/hartmut-sieper.com\/buecher\/\">Dia &amp; Tonbildschau<\/a>\u201c verfasste Hartmut Sieper bereits w\u00e4hrend seines Studiums. Sp\u00e4ter schrieb er zahlreiche Artikel f\u00fcr Print- und Onlinemagazine sowie mehrere <a href=\"https:\/\/hartmut-sieper.com\/buecher\/\">Fachb\u00fccher<\/a> zu Kapitalmarktthemen, darunter den Verlagsbestseller \u201e<a href=\"https:\/\/link.springer.com\/book\/10.1007\/978-3-322-85639-5\">Geldanlage professionell<\/a>\u201c (1990) und das Standardwerk \u201e<a href=\"https:\/\/www.getabstract.com\/de\/zusammenfassung\/investieren-in-afrika\/9555\">Investieren in Afrika<\/a>\u201c (2008).<\/p>\n<p>[\/et_pb_text][\/et_pb_column][\/et_pb_row][et_pb_row column_structure=&#8221;1_4,3_4&#8243; _builder_version=&#8221;3.25&#8243; custom_padding=&#8221;16px|0px|16px|0px|false|false&#8221;][et_pb_column type=&#8221;1_4&#8243; _builder_version=&#8221;3.25&#8243; custom_padding=&#8221;|||&#8221; custom_padding__hover=&#8221;|||&#8221;][et_pb_image src=&#8221;https:\/\/pro-mauritius.com\/wp-content\/uploads\/2018\/12\/africa-poster.jpg&#8221; align_tablet=&#8221;center&#8221; align_phone=&#8221;&#8221; align_last_edited=&#8221;on|desktop&#8221; _builder_version=&#8221;3.23&#8243; box_shadow_style=&#8221;preset1&#8243;][\/et_pb_image][\/et_pb_column][et_pb_column type=&#8221;3_4&#8243; _builder_version=&#8221;3.25&#8243; custom_padding=&#8221;|||&#8221; custom_padding__hover=&#8221;|||&#8221;][et_pb_text _builder_version=&#8221;3.27.4&#8243; header_2_font_size=&#8221;20px&#8221; inline_fonts=&#8221;Arial&#8221;]<\/p>\n<h2><span style=\"font-family: Arial; font-weight: normal;\"><strong><span style=\"color: #3550a0;\">Fondsmanager<\/span><\/strong><\/span><\/h2>\n<p>Ab 2007 spezialisierte sich Hartmut Sieper auf die Zukunftsm\u00e4rkte in Afrika.<\/p>\n<p>Erneut geh\u00f6rte er zu den Ersten, die eine neue Anlageregion entdeckten, und von 2009 bis 2014 managte er einen <a href=\"https:\/\/e-fundresearch.com\/managers\/artikel\/21957-der-letzte-weisse-fleck-im-investmentuniversum\">Afrika-Aktienfonds<\/a> in Luxemburg.<\/p>\n<p>[\/et_pb_text][\/et_pb_column][\/et_pb_row][et_pb_row column_structure=&#8221;1_4,3_4&#8243; _builder_version=&#8221;3.25&#8243; custom_padding=&#8221;16px|0px|16px|0px|false|false&#8221;][et_pb_column type=&#8221;1_4&#8243; _builder_version=&#8221;3.25&#8243; custom_padding=&#8221;|||&#8221; custom_padding__hover=&#8221;|||&#8221;][et_pb_image src=&#8221;https:\/\/pro-mauritius.com\/wp-content\/uploads\/2018\/12\/hartmut-advisory.jpg&#8221; align_tablet=&#8221;center&#8221; align_phone=&#8221;&#8221; align_last_edited=&#8221;on|desktop&#8221; _builder_version=&#8221;3.23&#8243; box_shadow_style=&#8221;preset1&#8243;][\/et_pb_image][\/et_pb_column][et_pb_column type=&#8221;3_4&#8243; _builder_version=&#8221;3.25&#8243; custom_padding=&#8221;|||&#8221; custom_padding__hover=&#8221;|||&#8221;][et_pb_text _builder_version=&#8221;3.27.4&#8243; header_2_font_size=&#8221;20px&#8221; inline_fonts=&#8221;Arial&#8221;]<\/p>\n<h2><span style=\"font-family: Arial; font-weight: normal;\"><strong><span style=\"color: #3550a0;\">Afrika-Spezialist<\/span><\/strong><\/span><\/h2>\n<p>\u00dcber die Jahre hat er ein weit verzweigtes Netzwerk an gesch\u00e4ftlichen Kontakten in Subsahara-Afrika aufgebaut und mehrere Unternehmen in Mauritius, Nigeria und Sambia gegr\u00fcndet.<\/p>\n<p>Zu seinen Kunden geh\u00f6ren deutsche Unternehmen, die Marktzug\u00e4nge in Afrika suchen, Projektentwickler, die einen professionellen Businessplan ben\u00f6tigen, sowie Investoren, die direkte Beteiligungen an zukunftstr\u00e4chtigen Unternehmen in Afrika suchen.<\/p>\n<p>[\/et_pb_text][\/et_pb_column][\/et_pb_row][et_pb_row column_structure=&#8221;1_4,3_4&#8243; _builder_version=&#8221;3.25&#8243; custom_padding=&#8221;16px|0px|16px|0px|false|false&#8221;][et_pb_column type=&#8221;1_4&#8243; _builder_version=&#8221;3.25&#8243; custom_padding=&#8221;|||&#8221; custom_padding__hover=&#8221;|||&#8221;][et_pb_image src=&#8221;https:\/\/pro-mauritius.com\/wp-content\/uploads\/2018\/12\/flags2.jpg&#8221; align_tablet=&#8221;center&#8221; align_phone=&#8221;&#8221; align_last_edited=&#8221;on|desktop&#8221; _builder_version=&#8221;3.23&#8243; box_shadow_style=&#8221;preset1&#8243;][\/et_pb_image][\/et_pb_column][et_pb_column type=&#8221;3_4&#8243; _builder_version=&#8221;3.25&#8243; custom_padding=&#8221;|||&#8221; custom_padding__hover=&#8221;|||&#8221;][et_pb_text _builder_version=&#8221;3.27.4&#8243; header_2_font_size=&#8221;20px&#8221; inline_fonts=&#8221;Arial&#8221;]<\/p>\n<h2><span style=\"font-family: Arial; font-weight: normal;\"><strong><span style=\"color: #3550a0;\">Internationalisierung<\/span><\/strong><\/span><\/h2>\n<p>Hartmuts Reisen in mehr als 75 L\u00e4nder und seine Aktivit\u00e4ten auf den Kapitalm\u00e4rkten in Osteuropa und Afrika weiteten seinen Horizont. Seit 2015 lebt und arbeitet er in Mauritius, dem besten Finanzplatz und Holdingstandort Afrikas.<\/p>\n<p>Beratungskunden, die ihr Gesch\u00e4ft in Richtung Schwellen- und Pionierl\u00e4nder expandieren oder ihre Investments diversifizieren wollen, profitieren von seiner breiten Erfahrung und internationalem Netzwerk.<\/p>\n<p>[\/et_pb_text][\/et_pb_column][\/et_pb_row][et_pb_row column_structure=&#8221;1_4,3_4&#8243; _builder_version=&#8221;3.25&#8243; custom_padding=&#8221;16px|0px|16px|0px|false|false&#8221;][et_pb_column type=&#8221;1_4&#8243; _builder_version=&#8221;3.25&#8243; custom_padding=&#8221;|||&#8221; custom_padding__hover=&#8221;|||&#8221;][et_pb_image src=&#8221;https:\/\/pro-mauritius.com\/wp-content\/uploads\/2022\/07\/hartmut2.jpg&#8221; title_text=&#8221;hartmut2&#8243; align_tablet=&#8221;center&#8221; align_phone=&#8221;&#8221; align_last_edited=&#8221;on|desktop&#8221; _builder_version=&#8221;4.8.1&#8243; box_shadow_style=&#8221;preset1&#8243;][\/et_pb_image][\/et_pb_column][et_pb_column type=&#8221;3_4&#8243; _builder_version=&#8221;3.25&#8243; custom_padding=&#8221;|||&#8221; custom_padding__hover=&#8221;|||&#8221;][et_pb_text _builder_version=&#8221;4.8.1&#8243; header_2_font_size=&#8221;20px&#8221; hover_enabled=&#8221;0&#8243; inline_fonts=&#8221;Arial&#8221; sticky_enabled=&#8221;0&#8243;]<\/p>\n<h2><span style=\"font-family: Arial; font-weight: normal;\"><strong><span style=\"color: #3550a0;\">Ausgewandert nach Mauritius<\/span><\/strong><\/span><\/h2>\n<p>Ende 2015 ist Hartmut nach Mauritius ausgewandert &#8211; ein Schritt, den er keine Sekunde bereut hat.<\/p>\n<p>Hier lebt er mit seiner Familie seinen Traum und hilft anderen Deutschen und Europ\u00e4ern, in Mauritius ebenfalls Fu\u00df zu fassen.<\/p>\n<p>[\/et_pb_text][\/et_pb_column][\/et_pb_row][\/et_pb_section][et_pb_section fb_built=&#8221;1&#8243; admin_label=&#8221;Testimonials&#8221; _builder_version=&#8221;3.22&#8243; custom_padding=&#8221;0|0px|0|0px|false|false&#8221;][et_pb_row _builder_version=&#8221;3.25&#8243; custom_padding=&#8221;0|0px|0|0px|false|false&#8221;][et_pb_column type=&#8221;4_4&#8243; _builder_version=&#8221;3.25&#8243; custom_padding=&#8221;|||&#8221; custom_padding__hover=&#8221;|||&#8221;][et_pb_text _builder_version=&#8221;3.27.4&#8243; text_font=&#8221;||||||||&#8221; text_font_size=&#8221;16px&#8221; text_line_height=&#8221;1.9em&#8221; header_font=&#8221;||||||||&#8221; header_2_font=&#8221;Times New Roman|600|||||||&#8221; header_2_font_size=&#8221;30px&#8221; header_2_line_height=&#8221;1.3em&#8221; header_3_font=&#8221;Lato|700||on|||||&#8221; header_3_text_color=&#8221;#3550a0&#8243; header_3_font_size=&#8221;20px&#8221; header_3_line_height=&#8221;1.5em&#8221; header_6_font=&#8221;||||||||&#8221; text_orientation=&#8221;center&#8221; max_width=&#8221;600px&#8221; max_width_last_edited=&#8221;off|desktop&#8221; module_alignment=&#8221;center&#8221; custom_margin=&#8221;|||&#8221; custom_padding=&#8221;|||&#8221; header_2_font_size_tablet=&#8221;30px&#8221; header_2_font_size_phone=&#8221;24px&#8221; header_2_font_size_last_edited=&#8221;on|phone&#8221; header_3_font_size_tablet=&#8221;50px&#8221; header_3_font_size_phone=&#8221;32px&#8221; header_3_font_size_last_edited=&#8221;off|desktop&#8221; locked=&#8221;off&#8221;]<\/p>\n<h2>Pers\u00f6nliches<\/h2>\n<p>[\/et_pb_text][\/et_pb_column][\/et_pb_row][et_pb_row _builder_version=&#8221;3.25&#8243; custom_padding=&#8221;16px|0px|27px|0px|false|false&#8221;][et_pb_column type=&#8221;4_4&#8243; _builder_version=&#8221;3.25&#8243; custom_padding=&#8221;|||&#8221; custom_padding__hover=&#8221;|||&#8221;][et_pb_accordion _builder_version=&#8221;4.8.1&#8243; toggle_font=&#8221;||||||||&#8221;][et_pb_accordion_item title=&#8221;Einige pers\u00f6nliche Statements&#8221; open=&#8221;on&#8221; open_toggle_text_color=&#8221;#3550a0&#8243; _builder_version=&#8221;3.12.1&#8243;]Klicken Sie auf die \u2295 Symbole rechts zum Aufklappen.<br \/>\n[\/et_pb_accordion_item][et_pb_accordion_item title=&#8221;Was mich begeistert &#8221; _builder_version=&#8221;3.12.1&#8243; open=&#8221;off&#8221;]Neue M\u00e4rkte erschlie\u00dfen, Kontakte zu Menschen anderer Kulturen aufbauen, Probleme mit Hilfe neuer Technologien l\u00f6sen, alternative Investmentm\u00f6glichkeiten konzipieren und realisieren. Ver\u00e4nderungen aktiv gestalten (anstatt sie abzulehnen oder lediglich zulassen).<\/p>\n<p>Als Optimist denke ich in M\u00f6glichkeiten und Chancen, nicht in Unm\u00f6glichkeiten und Begrenzungen. Ich bewege etwas und helfe anderen, auch etwas zu bewegen.<\/p>\n<p>Ich reise sehr gerne und habe inzwischen 75 L\u00e4nder der Welt besucht, die meisten davon mehrfach. Meine Lieblingsl\u00e4nder sind die Schweiz, \u00d6sterreich, die USA, S\u00fcdafrika und nat\u00fcrlich Mauritius, wo ich seit 2015 lebe.<br \/>\n[\/et_pb_accordion_item][et_pb_accordion_item title=&#8221;Wof\u00fcr ich stehe&#8221; _builder_version=&#8221;3.26.3&#8243; open=&#8221;off&#8221;]<\/p>\n<p>Ich glaube an Gott und daran, dass jeder Mensch seine Berufung hat.<\/p>\n<p>Es gibt in unserer Zeit eine Vielzahl von M\u00f6glichkeiten, an der Verbesserung der Lebensumst\u00e4nde vieler Menschen in unserer Welt mitzuwirken. Dies ist mir ein inneres Anliegen. Insofern bin ich ein Weltverbesserer aus \u00dcberzeugung.<\/p>\n<p>In meiner Freizeit engagiere ich mich seit 2006 in der International Christian Chamber of Commerce (<a title=\"ICCC\" href=\"https:\/\/iccc.net\">ICCC<\/a>), wo ich Vice President in der von mir mitgegr\u00fcndeten <a href=\"https:\/\/iccc-mauritius.org\">ICCC (Mauritius)<\/a> bin. Als junger Erwachsener war ich zun\u00e4chst im CVJM Frankfurt aktiv und sp\u00e4ter an der Gr\u00fcndung der Internationalen Vereinigung Christlicher Gesch\u00e4ftsleute und F\u00fchrungskr\u00e4fte (IVCG) in Frankfurt beteiligt. Au\u00dferdem war ich Mitglied bei Christen in der Wirtschaft.<\/p>\n<p>[\/et_pb_accordion_item][et_pb_accordion_item title=&#8221;Warum ich ausgewandert bin&#8221; _builder_version=&#8221;3.12.1&#8243; open=&#8221;off&#8221;]<\/p>\n<p>Als ich erkannte, dass ich in Deutschland auf einem toten Pferd sitze, war es f\u00fcr mich an der Zeit, zu neuen Ufern aufzubrechen. <a href=\"https:\/\/pro-mauritius.com\/\"><u>Mauritius<\/u><\/a>, ein etablierter Finanzplatz und g\u00fcnstiger Holdingstandort, ist f\u00fcr meine Gesch\u00e4fte in Bezug auf Investments in Afrika ideal geeignet.<\/p>\n<p>Der wichtigste Grund f\u00fcr meine Standortverlagerung war allerdings ein anderer:\u00a0 Ich liebe die Freiheit \u00fcber alles. Die Freiheit im wirtschaftlichen Handeln, bei der Kapitalanlage, bei Unternehmensgr\u00fcndungen, beim Aufbau neuer Gesch\u00e4fte, und nicht zuletzt bei der Meinungs\u00e4u\u00dferung. Mauritius ist eines der unternehmerfreundlichsten, steuerg\u00fcnstigsten und freiesten L\u00e4nder der Welt. Viele Dinge sind unglaublich einfach: F\u00fcr meine j\u00e4hrliche Steuererkl\u00e4rung brauche ich z. B. nur 15 Minuten am PC.<\/p>\n<p>[\/et_pb_accordion_item][et_pb_accordion_item title=&#8221;Wor\u00fcber ich besorgt bin&#8221; _builder_version=&#8221;3.12.1&#8243; open=&#8221;off&#8221;]Die v\u00f6llig aus dem Ruder gelaufene\u00a0 Verschuldung in den USA, Japan und den meisten europ\u00e4ischen L\u00e4ndern wird unser Weltfinanzsystem \u00fcber kurz oder lang zum Einsturz bringen. Im Grunde hat es bereits aufgeh\u00f6rt zu funktionieren, denn Nullzinsen oder gar negative Zinsen sollten in einer freien Marktwirtschaft nicht vorkommen. Auch der Euro wird mit hoher Wahrscheinlichkeit scheitern.<\/p>\n<p>Die Wirtschaft wird dann ebenfalls einbrechen \u2013 doch nicht in allen Weltregionen, und nicht in allen Sektoren. Es wird sogar Bereiche mit einem erheblichen Chancenpotenzial geben. Hierauf konzentriere ich mich.<\/p>\n<p>Vorausschauende Gesch\u00e4ftsinhaber, Manager, Investoren und Privatleute bereiten sich rechtzeitig auf diese Ereignisse und die neue Wirklichkeit vor. Wer sich intensiv mit der Thematik besch\u00e4ftigt, kann ziemlich genau absch\u00e4tzen, was auf uns zukommen wird, welche Dynamiken zu erwarten sind, welche scheinbaren Auswege eigentlich keine sind, und welche Strategien, teils unkonventioneller Art, auf der anderen Seite funktionieren d\u00fcrften.<\/p>\n<p>&nbsp;<br \/>\n[\/et_pb_accordion_item][et_pb_accordion_item title=&#8221;Was unabh\u00e4ngige Beratung f\u00fcr mich bedeutet&#8221; _builder_version=&#8221;3.12.1&#8243; open=&#8221;off&#8221;]Von mir bekommen Sie eine authentische, unabh\u00e4ngige, ungeschminkte Meinung. Auf politische Korrektheit nehme ich keine R\u00fccksicht, und der Meinungsdiktatur von Politik und Medien f\u00fchle ich mich nicht verpflichtet.<\/p>\n<p>Ich kann meine Klienten wirklich unabh\u00e4ngig beraten, denn ich lebe nicht mehr in Deutschland, muss auf niemanden R\u00fccksicht nehmen, bin keinem Unternehmen, keinem Arbeitgeber, keiner Regulierungsbeh\u00f6rde, keiner Medienanstalt und keiner politischen Partei in Deutschland verpflichtet oder Rechenschaft schuldig.<\/p>\n<p>An meinem neuen Standort Mauritius wird die Freiheit gro\u00dfgeschrieben, und diese Freiheit genie\u00dfe ich \u2013 nicht zuletzt im Hinblick auf den Kundennutzen meiner Beratungst\u00e4tigkeit.<\/p>\n<p>&nbsp;<\/p>\n<p>&nbsp;<br \/>\n[\/et_pb_accordion_item][et_pb_accordion_item title=&#8221;Wovon ich tr\u00e4ume&#8221; _builder_version=&#8221;4.8.1&#8243; open=&#8221;off&#8221;]<\/p>\n<p>Einige Tr\u00e4ume in meinem Leben sind schon wahr geworden. Bereits w\u00e4hrend meiner Ausbildung zum Bankkaufmann versp\u00fcrte ich den unb\u00e4ndigen Wunsch, mich einmal selbst\u00e4ndig zu machen. Zehn Jahre sp\u00e4ter wurde dieser Traum Wirklichkeit.<\/p>\n<p>Meine Begeisterung f\u00fcr das Schreiben entdeckte ich, als ich mit 22 Jahren den k\u00fchnen Plan fasste, f\u00fcr einen renommierten Verlag ein Fotobuch zu schreiben. Mein erstes Buch war gleich ein Erfolg und ebnete sp\u00e4ter den Weg zu etlichen weiteren Titeln.<\/p>\n<p>Was Mauritius angeht: Hier bin ich schon in einer Art Paradies angekommen. Mein Traum, mich ein gutes St\u00fcck weit aus dem \u201eSystem\u201c verabschieden zu k\u00f6nnen, ist zur Realit\u00e4t geworden. Von hier aus will ich anderen Menschen helfen, auch ihr Business zu internationalisieren und Chancen wahrzunehmen, die einem mit einem Standort in der EU in der Regel verschlossen bleiben.\u00a0<\/p>\n<p>[\/et_pb_accordion_item][et_pb_accordion_item title=&#8221;Was andere davon haben, dass es mich gibt&#8221; _builder_version=&#8221;3.12.1&#8243; open=&#8221;off&#8221;]Als Allrounder bin ich breit aufgestellt bzgl. Ausbildung, Wissen, Fertigkeiten und Erfahrungen, wovon meine Kunden profitieren. Strukturiertes, organisiertes, zielgerichtetes Arbeiten bin ich gewohnt \u2013 da erkennt man in mir einige typisch deutsche Tugenden. Auf dieses Erbe bin ich auch ein wenig stolz.<\/p>\n<p>Ich bin ein \u00fcberzeugter Netzwerker und werde immer wieder von Gespr\u00e4chen und Begegnungen mit Menschen aus aller Welt inspiriert. N\u00fctzliche Kontakte gebe ich gerne weiter.<\/p>\n<p>F\u00fcr meine Gesch\u00e4ftspartner und Kunden setze ich mich mit voller Kraft ein und bem\u00fche mich, 110% zu geben. Wenn es n\u00f6tig ist, gehe ich auch die Extrameile.<\/p>\n<p>Meine afrikanischen Gesch\u00e4ftspartner und ich sind strikt gegen Korruption und unterst\u00fctzen solche Praktiken nicht. Das ist ein wichtiges Kriterium f\u00fcr ethisch orientierte Investoren, die in unsere Projekte investieren wollen.<\/p>\n<p>Als Vorausdenker sehe ich, dass sich in den n\u00e4chsten Jahren extrem viel ver\u00e4ndern wird \u2013 mit dramatischen Auswirkungen auf Wirtschaftssektoren, Berufsbilder, Investmentstrategien, Sozialsysteme und pers\u00f6nliche Lebensentw\u00fcrfe. Machern, die sich nicht mit den sich verschlechternden Umst\u00e4nden und fehlenden Perspektiven abfinden und zu neuen Ufern aufbrechen wollen, gebe ich in ihrer Entscheidungsfindungsphase wertvolle Tipps und bin ggf. bei der Umsetzung behilflich.<\/p>\n<p>&nbsp;<\/p>\n<p>&nbsp;<\/p>\n<p>&nbsp;<\/p>\n<p>&nbsp;<br \/>\n[\/et_pb_accordion_item][\/et_pb_accordion][\/et_pb_column][\/et_pb_row][\/et_pb_section][et_pb_section fb_built=&#8221;1&#8243; _builder_version=&#8221;3.22&#8243;][et_pb_row _builder_version=&#8221;3.25&#8243;][et_pb_column type=&#8221;4_4&#8243; _builder_version=&#8221;3.25&#8243; custom_padding=&#8221;|||&#8221; custom_padding__hover=&#8221;|||&#8221;][et_pb_divider _builder_version=&#8221;3.19.4&#8243;][\/et_pb_divider][\/et_pb_column][\/et_pb_row][et_pb_row _builder_version=&#8221;3.25&#8243; custom_padding=&#8221;16px|0px|23px|0px|false|false&#8221;][et_pb_column type=&#8221;4_4&#8243; _builder_version=&#8221;3.25&#8243; custom_padding=&#8221;|||&#8221; custom_padding__hover=&#8221;|||&#8221;][et_pb_text module_id=&#8221;corp-tax&#8221; _builder_version=&#8221;3.27.4&#8243; text_font=&#8221;||||||||&#8221; header_font=&#8221;||||||||&#8221; header_2_font=&#8221;Times New Roman|600|||||||&#8221; header_2_font_size=&#8221;30px&#8221; header_2_letter_spacing=&#8221;1px&#8221; header_2_line_height=&#8221;1.3em&#8221; header_3_font=&#8221;Verdana|700||on|||||&#8221; header_3_text_color=&#8221;#edbb5f&#8221; header_3_font_size=&#8221;14px&#8221; header_3_letter_spacing=&#8221;1px&#8221; header_3_line_height=&#8221;2em&#8221; header_4_font=&#8221;||||||||&#8221; header_5_font=&#8221;||||||||&#8221; header_6_font=&#8221;||||||||&#8221; text_orientation=&#8221;center&#8221; max_width=&#8221;550px&#8221; module_alignment=&#8221;center&#8221;]<\/p>\n<h2>Profil und eigene Webseiten<\/h2>\n<p>[\/et_pb_text][\/et_pb_column][\/et_pb_row][et_pb_row column_structure=&#8221;1_5,1_5,1_5,1_5,1_5&#8243; _builder_version=&#8221;3.25&#8243;][et_pb_column type=&#8221;1_5&#8243; _builder_version=&#8221;3.25&#8243; custom_padding=&#8221;|||&#8221; custom_padding__hover=&#8221;|||&#8221;][et_pb_image src=&#8221;https:\/\/pro-mauritius.com\/wp-content\/uploads\/2018\/11\/LinkedIn_logo.png&#8221; url=&#8221;https:\/\/linkedin.com\/in\/hartmut-sieper-079230a&#8221; align_tablet=&#8221;center&#8221; align_phone=&#8221;&#8221; align_last_edited=&#8221;on|desktop&#8221; _builder_version=&#8221;3.26.3&#8243;]&nbsp;<br \/>\n[\/et_pb_image][\/et_pb_column][et_pb_column type=&#8221;1_5&#8243; _builder_version=&#8221;3.25&#8243; custom_padding=&#8221;|||&#8221; custom_padding__hover=&#8221;|||&#8221;][et_pb_image src=&#8221;https:\/\/pro-mauritius.com\/wp-content\/uploads\/2018\/12\/HS-Logo.png&#8221; url=&#8221;https:\/\/hartmut-sieper.com\/&#8221; align_tablet=&#8221;center&#8221; align_phone=&#8221;&#8221; align_last_edited=&#8221;on|desktop&#8221; _builder_version=&#8221;3.26.3&#8243; custom_margin=&#8221;10px||||false|false&#8221;]&nbsp;<br \/>\n[\/et_pb_image][\/et_pb_column][et_pb_column type=&#8221;1_5&#8243; _builder_version=&#8221;3.25&#8243; custom_padding=&#8221;|||&#8221; custom_padding__hover=&#8221;|||&#8221;][et_pb_image src=&#8221;https:\/\/pro-mauritius.com\/wp-content\/uploads\/2018\/11\/logo-tt-png-low.png&#8221; url=&#8221;https:\/\/www.transformative-technologies.com\/&#8221; align_tablet=&#8221;center&#8221; align_phone=&#8221;&#8221; align_last_edited=&#8221;on|desktop&#8221; _builder_version=&#8221;3.23&#8243;]&nbsp;<br \/>\n[\/et_pb_image][\/et_pb_column][et_pb_column type=&#8221;1_5&#8243; _builder_version=&#8221;3.25&#8243; custom_padding=&#8221;|||&#8221; custom_padding__hover=&#8221;|||&#8221;][\/et_pb_column][et_pb_column type=&#8221;1_5&#8243; _builder_version=&#8221;3.25&#8243; custom_padding=&#8221;|||&#8221; custom_padding__hover=&#8221;|||&#8221;][\/et_pb_column][\/et_pb_row][\/et_pb_section]<\/p>\n","protected":false},"excerpt":{"rendered":"<p>&nbsp; Berufserfahrung &nbsp; Pers\u00f6nlicher HintergrundBeruflicher Hintergrund von Hartmut SieperBerufliche Ausbildung Hartmut Sieper studierte Chemie und Geowissenschaften, mit den Nebenf\u00e4chern P\u00e4dagogik, Geologie und Ausfl\u00fcgen in die Informatik und Betriebswirtschaft. Ausbildung zum\u00a0Bankkaufmann.Bankkaufmann In seiner T\u00e4tigkeit als Bankkaufmann bei verschiedenen Kreditinstituten spezialisierte sich Hartmut Sieper fr\u00fchzeitig auf das Wertpapier- und B\u00f6rsengesch\u00e4ft. Hierbei war er Wertpapierberater, Anlagestratege, Options &amp; [&hellip;]<\/p>\n","protected":false},"author":1,"featured_media":0,"parent":1270,"menu_order":0,"comment_status":"closed","ping_status":"closed","template":"","meta":{"_et_pb_use_builder":"on","_et_pb_old_content":"","_et_gb_content_width":""},"yoast_head":"<!-- This site is optimized with the Yoast SEO plugin v17.9 - https:\/\/yoast.com\/wordpress\/plugins\/seo\/ -->\n<title>Management: Profil von Hartmut Sieper - Pro Mauritius<\/title>\n<meta name=\"description\" content=\"Beruflicher Hintergrund und Werdegang von Hartmut Sieper\" \/>\n<meta name=\"robots\" content=\"index, follow, max-snippet:-1, max-image-preview:large, max-video-preview:-1\" \/>\n<link rel=\"canonical\" href=\"https:\/\/pro-mauritius.com\/home\/ueber-uns\/beruflicher-werdegang\/\" \/>\n<meta property=\"og:locale\" content=\"en_US\" \/>\n<meta property=\"og:type\" content=\"article\" \/>\n<meta property=\"og:title\" content=\"Management: Profil von Hartmut Sieper - Pro Mauritius\" \/>\n<meta property=\"og:description\" content=\"Beruflicher Hintergrund und Werdegang von Hartmut Sieper\" \/>\n<meta property=\"og:url\" content=\"https:\/\/pro-mauritius.com\/home\/ueber-uns\/beruflicher-werdegang\/\" \/>\n<meta property=\"og:site_name\" content=\"Pro Mauritius\" \/>\n<meta property=\"article:modified_time\" content=\"2022-07-20T12:43:30+00:00\" \/>\n<meta name=\"twitter:card\" content=\"summary_large_image\" \/>\n<meta name=\"twitter:label1\" content=\"Est. reading time\" \/>\n\t<meta name=\"twitter:data1\" content=\"17 minutes\" \/>\n<script type=\"application\/ld+json\" class=\"yoast-schema-graph\">{\"@context\":\"https:\/\/schema.org\",\"@graph\":[{\"@type\":\"WebSite\",\"@id\":\"https:\/\/pro-mauritius.com\/home\/#website\",\"url\":\"https:\/\/pro-mauritius.com\/home\/\",\"name\":\"Pro Mauritius\",\"description\":\"One-stop Consulting for companies, entrepreneurs and expats relocating to Mauritius\",\"potentialAction\":[{\"@type\":\"SearchAction\",\"target\":{\"@type\":\"EntryPoint\",\"urlTemplate\":\"https:\/\/pro-mauritius.com\/home\/?s={search_term_string}\"},\"query-input\":\"required name=search_term_string\"}],\"inLanguage\":\"en-US\"},{\"@type\":\"WebPage\",\"@id\":\"https:\/\/pro-mauritius.com\/home\/ueber-uns\/beruflicher-werdegang\/#webpage\",\"url\":\"https:\/\/pro-mauritius.com\/home\/ueber-uns\/beruflicher-werdegang\/\",\"name\":\"Management: Profil von Hartmut Sieper - Pro Mauritius\",\"isPartOf\":{\"@id\":\"https:\/\/pro-mauritius.com\/home\/#website\"},\"datePublished\":\"2019-01-14T03:16:11+00:00\",\"dateModified\":\"2022-07-20T12:43:30+00:00\",\"description\":\"Beruflicher Hintergrund und Werdegang von Hartmut Sieper\",\"breadcrumb\":{\"@id\":\"https:\/\/pro-mauritius.com\/home\/ueber-uns\/beruflicher-werdegang\/#breadcrumb\"},\"inLanguage\":\"en-US\",\"potentialAction\":[{\"@type\":\"ReadAction\",\"target\":[\"https:\/\/pro-mauritius.com\/home\/ueber-uns\/beruflicher-werdegang\/\"]}]},{\"@type\":\"BreadcrumbList\",\"@id\":\"https:\/\/pro-mauritius.com\/home\/ueber-uns\/beruflicher-werdegang\/#breadcrumb\",\"itemListElement\":[{\"@type\":\"ListItem\",\"position\":1,\"name\":\"Home\",\"item\":\"https:\/\/pro-mauritius.com\/home\/\"},{\"@type\":\"ListItem\",\"position\":2,\"name\":\"\\u00dcber uns\",\"item\":\"https:\/\/pro-mauritius.com\/home\/ueber-uns\/\"},{\"@type\":\"ListItem\",\"position\":3,\"name\":\"Management\"}]}]}<\/script>\n<!-- \/ Yoast SEO plugin. -->","yoast_head_json":{"title":"Management: Profil von Hartmut Sieper - Pro Mauritius","description":"Beruflicher Hintergrund und Werdegang von Hartmut Sieper","robots":{"index":"index","follow":"follow","max-snippet":"max-snippet:-1","max-image-preview":"max-image-preview:large","max-video-preview":"max-video-preview:-1"},"canonical":"https:\/\/pro-mauritius.com\/home\/ueber-uns\/beruflicher-werdegang\/","og_locale":"en_US","og_type":"article","og_title":"Management: Profil von Hartmut Sieper - Pro Mauritius","og_description":"Beruflicher Hintergrund und Werdegang von Hartmut Sieper","og_url":"https:\/\/pro-mauritius.com\/home\/ueber-uns\/beruflicher-werdegang\/","og_site_name":"Pro Mauritius","article_modified_time":"2022-07-20T12:43:30+00:00","twitter_card":"summary_large_image","twitter_misc":{"Est. reading time":"17 minutes"},"schema":{"@context":"https:\/\/schema.org","@graph":[{"@type":"WebSite","@id":"https:\/\/pro-mauritius.com\/home\/#website","url":"https:\/\/pro-mauritius.com\/home\/","name":"Pro Mauritius","description":"One-stop Consulting for companies, entrepreneurs and expats relocating to Mauritius","potentialAction":[{"@type":"SearchAction","target":{"@type":"EntryPoint","urlTemplate":"https:\/\/pro-mauritius.com\/home\/?s={search_term_string}"},"query-input":"required name=search_term_string"}],"inLanguage":"en-US"},{"@type":"WebPage","@id":"https:\/\/pro-mauritius.com\/home\/ueber-uns\/beruflicher-werdegang\/#webpage","url":"https:\/\/pro-mauritius.com\/home\/ueber-uns\/beruflicher-werdegang\/","name":"Management: Profil von Hartmut Sieper - Pro Mauritius","isPartOf":{"@id":"https:\/\/pro-mauritius.com\/home\/#website"},"datePublished":"2019-01-14T03:16:11+00:00","dateModified":"2022-07-20T12:43:30+00:00","description":"Beruflicher Hintergrund und Werdegang von Hartmut Sieper","breadcrumb":{"@id":"https:\/\/pro-mauritius.com\/home\/ueber-uns\/beruflicher-werdegang\/#breadcrumb"},"inLanguage":"en-US","potentialAction":[{"@type":"ReadAction","target":["https:\/\/pro-mauritius.com\/home\/ueber-uns\/beruflicher-werdegang\/"]}]},{"@type":"BreadcrumbList","@id":"https:\/\/pro-mauritius.com\/home\/ueber-uns\/beruflicher-werdegang\/#breadcrumb","itemListElement":[{"@type":"ListItem","position":1,"name":"Home","item":"https:\/\/pro-mauritius.com\/home\/"},{"@type":"ListItem","position":2,"name":"\u00dcber uns","item":"https:\/\/pro-mauritius.com\/home\/ueber-uns\/"},{"@type":"ListItem","position":3,"name":"Management"}]}]}},"_links":{"self":[{"href":"https:\/\/pro-mauritius.com\/home\/wp-json\/wp\/v2\/pages\/1363"}],"collection":[{"href":"https:\/\/pro-mauritius.com\/home\/wp-json\/wp\/v2\/pages"}],"about":[{"href":"https:\/\/pro-mauritius.com\/home\/wp-json\/wp\/v2\/types\/page"}],"author":[{"embeddable":true,"href":"https:\/\/pro-mauritius.com\/home\/wp-json\/wp\/v2\/users\/1"}],"replies":[{"embeddable":true,"href":"https:\/\/pro-mauritius.com\/home\/wp-json\/wp\/v2\/comments?post=1363"}],"version-history":[{"count":10,"href":"https:\/\/pro-mauritius.com\/home\/wp-json\/wp\/v2\/pages\/1363\/revisions"}],"predecessor-version":[{"id":3360,"href":"https:\/\/pro-mauritius.com\/home\/wp-json\/wp\/v2\/pages\/1363\/revisions\/3360"}],"up":[{"embeddable":true,"href":"https:\/\/pro-mauritius.com\/home\/wp-json\/wp\/v2\/pages\/1270"}],"wp:attachment":[{"href":"https:\/\/pro-mauritius.com\/home\/wp-json\/wp\/v2\/media?parent=1363"}],"curies":[{"name":"wp","href":"https:\/\/api.w.org\/{rel}","templated":true}]}}